{"id":2954,"date":"2024-11-13T15:13:59","date_gmt":"2024-11-13T14:13:59","guid":{"rendered":"https:\/\/www.ruch.de\/applications\/protection-de-la-tete-et-du-corps\/"},"modified":"2025-08-06T16:08:47","modified_gmt":"2025-08-06T14:08:47","slug":"protection-de-la-tete-du-corps","status":"publish","type":"page","link":"https:\/\/www.ruch.de\/fr\/applications\/protection-de-la-tete-du-corps\/","title":{"rendered":"Protection de la t\u00eate &amp; du corps"},"content":{"rendered":"<div class=\"wpb-content-wrapper\"><p>[vc_row][vc_column]\n<div class=\"spacer spacer--large\" style=\"height:100px\"><\/div>\n<div class=\"spacer spacer--medium\" style=\"height:60px\"><\/div>\n<div class=\"spacer spacer--small\" style=\"height:60px\"><\/div>\n[vc_row_inner][vc_column_inner][vc_column_text css=\u00a0\u00bb\u00a0\u00bb]<\/p>\n<h1>Nos pi\u00e8ces moul\u00e9es pour la protection de la t\u00eate et du corps<\/h1>\n<p>[\/vc_column_text][\/vc_column_inner][\/vc_row_inner][vc_row_inner][vc_column_inner width=\u00a0\u00bb1\/2&Prime;][vc_column_text css=\u00a0\u00bb\u00a0\u00bb]Dans la vie quotidienne comme dans le sport amateur et de haut niveau, la s\u00e9curit\u00e9 des sportifs est d&rsquo;une importance capitale. L&rsquo;utilisation de protections pour la t\u00eate et le corps, comme les casques et les protections dorsales, est recommand\u00e9e, voire obligatoire, dans de nombreuses disciplines. Les protections doivent non seulement garantir une protection optimale contre les chocs, mais aussi permettre une grande libert\u00e9 de mouvement ainsi qu&rsquo;une ventilation suffisante.[\/vc_column_text][\/vc_column_inner][vc_column_inner width=\u00a0\u00bb1\/2&Prime;][vc_column_text css=\u00a0\u00bb\u00a0\u00bb]Notre technologie unique nous permet de concevoir des protections \u00e0 la fois l\u00e9g\u00e8res, robustes et souples, parfaitement adapt\u00e9es aux exigences du sport et au corps de l&rsquo;utilisateur.[\/vc_column_text][\/vc_column_inner][\/vc_row_inner][\/vc_column][\/vc_row][vc_row][vc_column][vc_column_text css_animation=\u00a0\u00bbfadeInLeft\u00a0\u00bb css=\u00a0\u00bb\u00a0\u00bb]<a class=\"a--jump\" href=\"#protection-de-la-t\u00eate\">Protection de la t\u00eate<\/a> <a class=\"a--jump\" href=\"#protection-du-corps\">Protection du corps<\/a>[\/vc_column_text][\/vc_column][\/vc_row][vc_row el_id=\u00a0\u00bbprotection-de-la-t\u00eate\u00a0\u00bb][vc_column]\n<div class=\"spacer spacer--large\" style=\"height:100px\"><\/div>\n<div class=\"spacer spacer--medium\" style=\"height:60px\"><\/div>\n<div class=\"spacer spacer--small\" style=\"height:60px\"><\/div>\n[\/vc_column][\/vc_row][vc_row][vc_column]\n<div class=\"spacer spacer--large\" style=\"height:30px\"><\/div>\n<div class=\"spacer spacer--medium\" style=\"height:30px\"><\/div>\n<div class=\"spacer spacer--small\" style=\"height:30px\"><\/div>\n[vc_column_text css=\u00a0\u00bb\u00a0\u00bb]<\/p>\n<h2>Protection de la t\u00eate : protection maximale contre les chocs pour une s\u00e9curit\u00e9 maximale dans le sport<\/h2>\n<p>Pas de compromis en mati\u00e8re de protection de la vie et de l&rsquo;int\u00e9grit\u00e9 physique. Dans le domaine de la protection de la t\u00eate en particulier, les mat\u00e9riaux et les technologies utilis\u00e9s doivent r\u00e9pondre aux exigences les plus \u00e9lev\u00e9es. Chez RUCH NOVAPLAST, nous misons sur l&rsquo;innovation et la qualit\u00e9 : nos \u00e9l\u00e9ments anti-crash sp\u00e9cialement con\u00e7us en polystyr\u00e8ne expans\u00e9 (EPS) et en polypropyl\u00e8ne expans\u00e9 (EPP) offrent une protection exceptionnelle contre les chocs et garantissent ainsi une s\u00e9curit\u00e9 maximale dans le sport.[\/vc_column_text]\n<div class=\"spacer spacer--large\" style=\"height:60px\"><\/div>\n<div class=\"spacer spacer--medium\" style=\"height:60px\"><\/div>\n<div class=\"spacer spacer--small\" style=\"height:60px\"><\/div>\n[\/vc_column][\/vc_row][vc_row content_placement=\u00a0\u00bbmiddle\u00a0\u00bb][vc_column width=\u00a0\u00bb6\/12&Prime;][vc_single_image image=\u00a0\u00bb2960&Prime; img_size=\u00a0\u00bbfull\u00a0\u00bb css=\u00a0\u00bb\u00a0\u00bb][\/vc_column][vc_column width=\u00a0\u00bb5\/12&Prime;][vc_column_text css=\u00a0\u00bb\u00a0\u00bb]La coque interne hautement fonctionnelle que nous d\u00e9veloppons pour la protection de la t\u00eate se caract\u00e9rise par une structure en plusieurs parties, con\u00e7ue sp\u00e9cifiquement pour optimiser les propri\u00e9t\u00e9s d&rsquo;absorption des chocs. Gr\u00e2ce \u00e0 des pi\u00e8ces moul\u00e9es de diff\u00e9rentes densit\u00e9s, on obtient une meilleure absorption et une meilleure r\u00e9partition des forces, ce qui garantit un niveau de s\u00e9curit\u00e9 maximal. En outre, la segmentation intelligente permet une ventilation efficace sans compromettre les propri\u00e9t\u00e9s de protection. Ces produits offrent non seulement une excellente protection contre les chocs, mais aussi du confort et de la flexibilit\u00e9.<\/p>\n<p>Si vous le souhaitez, nous pouvons \u00e9galement ajouter des composants internes suppl\u00e9mentaires \u00e0 la coque du casque et prendre en charge d&rsquo;autres \u00e9tapes de la confection dans notre <a href=\"https:\/\/www.ruch.de\/fr\/expertises\/expertise-en-fabrication\/#assemblage-et-confection\">centre d&rsquo;assemblage et de confection<\/a>.[\/vc_column_text][\/vc_column][vc_column width=\u00a0\u00bb1\/12&Prime;][\/vc_column][\/vc_row][vc_row el_id=\u00a0\u00bbprotection-du-corps\u00a0\u00bb][vc_column]\n<div class=\"spacer spacer--large\" style=\"height:100px\"><\/div>\n<div class=\"spacer spacer--medium\" style=\"height:60px\"><\/div>\n<div class=\"spacer spacer--small\" style=\"height:60px\"><\/div>\n[\/vc_column][\/vc_row][vc_row][vc_column]\n<div class=\"spacer spacer--large\" style=\"height:30px\"><\/div>\n<div class=\"spacer spacer--medium\" style=\"height:30px\"><\/div>\n<div class=\"spacer spacer--small\" style=\"height:30px\"><\/div>\n[vc_column_text css=\u00a0\u00bb\u00a0\u00bb]<\/p>\n<h2>Protection du corps : s\u00e9curit\u00e9 maximale gr\u00e2ce \u00e0 des protections innovantes<\/h2>\n<p>La s\u00e9curit\u00e9 dans le sport devrait toujours \u00eatre une priorit\u00e9, en particulier dans les disciplines o\u00f9 les chutes et les collisions sont fr\u00e9quentes. Une protection corporelle ad\u00e9quate joue un r\u00f4le crucial pour \u00e9viter aux sportifs de se blesser. Nos protections innovantes offrent une protection cibl\u00e9e contre les chocs en prot\u00e9geant les parties importantes du corps, telles que la colonne vert\u00e9brale, des coups et des impacts, sans pour autant restreindre la libert\u00e9 de mouvement.[\/vc_column_text]\n<div class=\"spacer spacer--large\" style=\"height:60px\"><\/div>\n<div class=\"spacer spacer--medium\" style=\"height:60px\"><\/div>\n<div class=\"spacer spacer--small\" style=\"height:60px\"><\/div>\n[\/vc_column][\/vc_row][vc_row content_placement=\u00a0\u00bbmiddle\u00a0\u00bb][vc_column width=\u00a0\u00bb5\/12&Prime;][vc_column_text css=\u00a0\u00bb\u00a0\u00bb]La cl\u00e9 du succ\u00e8s de nos protections corporelles r\u00e9side dans les excellentes propri\u00e9t\u00e9s de protection contre les chocs des <a href=\"https:\/\/www.ruch.de\/fr\/materiaux\/\">mat\u00e9riaux<\/a>. Nos protections dorsales sont fabriqu\u00e9es en mousse EPP hautement comprim\u00e9e, qui absorbe jusqu&rsquo;\u00e0 95 % de l&rsquo;\u00e9nergie d&rsquo;impact. Le r\u00e9sultat est une protection maximale contre les chocs, tout en \u00e9tant extr\u00eamement l\u00e9ger et flexible.<\/p>\n<p>La construction sandwich \u00e0 deux composants est un nouveau proc\u00e9d\u00e9 \u00e9cologique dans le domaine de la protection corporelle : nous mettons en forme les perles EPP utilis\u00e9es sous haute pression et \u00e0 l&rsquo;aide de vapeur d&rsquo;eau et les relions simultan\u00e9ment \u00e0 la couche de support &#8211; sans utiliser d&rsquo;adh\u00e9sifs suppl\u00e9mentaires. Ce proc\u00e9d\u00e9 est totalement exempt de solvants et donc tr\u00e8s doux pour la peau.[\/vc_column_text][\/vc_column][vc_column width=\u00a0\u00bb6\/12&Prime;][vc_single_image image=\u00a0\u00bb2961&Prime; img_size=\u00a0\u00bbfull\u00a0\u00bb css=\u00a0\u00bb\u00a0\u00bb][\/vc_column][vc_column width=\u00a0\u00bb1\/12&Prime;][\/vc_column][\/vc_row][vc_row disable_element=\u00a0\u00bbyes\u00a0\u00bb][vc_column]\n<div class=\"spacer spacer--large\" style=\"height:60px\"><\/div>\n<div class=\"spacer spacer--medium\" style=\"height:60px\"><\/div>\n<div class=\"spacer spacer--small\" style=\"height:60px\"><\/div>\n[\/vc_column][\/vc_row][vc_row disable_element=\u00a0\u00bbyes\u00a0\u00bb][vc_column]\n  <div class=\"ruch__three-images-grid\">\n    <div class=\"img1\"><img loading=\"lazy\" decoding=\"async\" width=\"1383\" height=\"938\" src=\"https:\/\/www.ruch.de\/wp-content\/uploads\/2024\/12\/kopfschutz-crash-elemente-kopf-und-koerperschutz-ruch-novaplast.jpg\" class=\"attachment-full size-full\" alt=\"Motorradhelm mit Crash-Elementen aus dem Multitalent Partikelschaum | Kopfschutz | RUCH NOVAPLAST GmbH in Oberkirch\" srcset=\"https:\/\/www.ruch.de\/wp-content\/uploads\/2024\/12\/kopfschutz-crash-elemente-kopf-und-koerperschutz-ruch-novaplast.jpg 1383w, https:\/\/www.ruch.de\/wp-content\/uploads\/2024\/12\/kopfschutz-crash-elemente-kopf-und-koerperschutz-ruch-novaplast-300x203.jpg 300w, https:\/\/www.ruch.de\/wp-content\/uploads\/2024\/12\/kopfschutz-crash-elemente-kopf-und-koerperschutz-ruch-novaplast-1024x695.jpg 1024w, https:\/\/www.ruch.de\/wp-content\/uploads\/2024\/12\/kopfschutz-crash-elemente-kopf-und-koerperschutz-ruch-novaplast-768x521.jpg 768w, https:\/\/www.ruch.de\/wp-content\/uploads\/2024\/12\/kopfschutz-crash-elemente-kopf-und-koerperschutz-ruch-novaplast-111x75.jpg 111w, https:\/\/www.ruch.de\/wp-content\/uploads\/2024\/12\/kopfschutz-crash-elemente-kopf-und-koerperschutz-ruch-novaplast-480x326.jpg 480w\" sizes=\"auto, (max-width:767px) 480px, (max-width:1383px) 100vw, 1383px\" \/><\/div>\n    <div class=\"img2\"><img loading=\"lazy\" decoding=\"async\" width=\"669\" height=\"446\" src=\"https:\/\/www.ruch.de\/wp-content\/uploads\/2024\/12\/hochfunktionale-helminnenschale-kopf-und-koerperschutz-ruch-novaplast.jpg\" class=\"attachment-full size-full\" alt=\"Hochfunktionale Helminnenschale eines Motorradhelms | RUCH NOVAPLAST GmbH in Oberkirch\" srcset=\"https:\/\/www.ruch.de\/wp-content\/uploads\/2024\/12\/hochfunktionale-helminnenschale-kopf-und-koerperschutz-ruch-novaplast.jpg 669w, https:\/\/www.ruch.de\/wp-content\/uploads\/2024\/12\/hochfunktionale-helminnenschale-kopf-und-koerperschutz-ruch-novaplast-300x200.jpg 300w, https:\/\/www.ruch.de\/wp-content\/uploads\/2024\/12\/hochfunktionale-helminnenschale-kopf-und-koerperschutz-ruch-novaplast-113x75.jpg 113w, https:\/\/www.ruch.de\/wp-content\/uploads\/2024\/12\/hochfunktionale-helminnenschale-kopf-und-koerperschutz-ruch-novaplast-480x320.jpg 480w\" sizes=\"auto, (max-width:767px) 480px, 669px\" \/><\/div>\n    <div class=\"img3\"><img loading=\"lazy\" decoding=\"async\" width=\"669\" height=\"446\" src=\"https:\/\/www.ruch.de\/wp-content\/uploads\/2024\/12\/aufprallschutz-kopf-und-koerperschutz-ruch-novaplast.jpg\" class=\"attachment-full size-full\" alt=\"R\u00fcckenprotektor Hybridbauteil | K\u00f6rperschutz | RUCH NOVAPLAST GmbH in Oberkirch\" srcset=\"https:\/\/www.ruch.de\/wp-content\/uploads\/2024\/12\/aufprallschutz-kopf-und-koerperschutz-ruch-novaplast.jpg 669w, https:\/\/www.ruch.de\/wp-content\/uploads\/2024\/12\/aufprallschutz-kopf-und-koerperschutz-ruch-novaplast-300x200.jpg 300w, https:\/\/www.ruch.de\/wp-content\/uploads\/2024\/12\/aufprallschutz-kopf-und-koerperschutz-ruch-novaplast-113x75.jpg 113w, https:\/\/www.ruch.de\/wp-content\/uploads\/2024\/12\/aufprallschutz-kopf-und-koerperschutz-ruch-novaplast-480x320.jpg 480w\" sizes=\"auto, (max-width:767px) 480px, 669px\" \/><\/div>\n  <\/div>\n\n  [\/vc_column][\/vc_row][vc_row][vc_column]\n<div class=\"spacer spacer--large\" style=\"height:100px\"><\/div>\n<div class=\"spacer spacer--medium\" style=\"height:60px\"><\/div>\n<div class=\"spacer spacer--small\" style=\"height:60px\"><\/div>\n[\/vc_column][\/vc_row][vc_row full_width=\u00a0\u00bbstretch_row\u00a0\u00bb el_class=\u00a0\u00bbbg-blue-bubbles-top-left\u00a0\u00bb][vc_column]\n<div class=\"spacer spacer--large\" style=\"height:60px\"><\/div>\n<div class=\"spacer spacer--medium\" style=\"height:60px\"><\/div>\n<div class=\"spacer spacer--small\" style=\"height:60px\"><\/div>\n[vc_row_inner][vc_column_inner width=\u00a0\u00bb1\/2&Prime;][vc_column_text css=\u00a0\u00bb\u00a0\u00bb]<\/p>\n<h2><span class=\"text--white\">Nos pi\u00e8ces moul\u00e9es sont utilis\u00e9es en Formule 1<\/span><\/h2>\n<p>[\/vc_column_text][\/vc_column_inner][vc_column_inner width=\u00a0\u00bb1\/2&Prime;][\/vc_column_inner][\/vc_row_inner][vc_row_inner][vc_column_inner width=\u00a0\u00bb1\/2&Prime;][vc_column_text css=\u00a0\u00bb\u00a0\u00bb]<span class=\"text--white\">Nos pi\u00e8ces moul\u00e9es innovantes trouvent \u00e9galement leur place en Formule 1, o\u00f9 elles assurent une protection et des performances maximales. Nous fournissons ainsi les coques int\u00e9rieures des c\u00e9l\u00e8bres <a href=\"https:\/\/schuberth.com\/fr\" target=\"_blank\" rel=\"noopener\">casques SCHUBERTH Motorsport<\/a>, qui \u00e9quipent depuis plus de 20 ans les pilotes de pointe en Formule 1, IndyCar et autres s\u00e9ries de haut niveau avec une technologie de pointe et une s\u00e9curit\u00e9 maximale. <\/span>[\/vc_column_text][\/vc_column_inner][vc_column_inner width=\u00a0\u00bb1\/2&Prime;][vc_column_text css=\u00a0\u00bb\u00a0\u00bb]<span class=\"text--white\">Les casques se distinguent par leur l\u00e9g\u00e8ret\u00e9, leur construction solide et leur s\u00e9curit\u00e9 sup\u00e9rieure. <\/span>[\/vc_column_text][\/vc_column_inner][\/vc_row_inner]\n<div class=\"spacer spacer--large\" style=\"height:60px\"><\/div>\n<div class=\"spacer spacer--medium\" style=\"height:60px\"><\/div>\n<div class=\"spacer spacer--small\" style=\"height:60px\"><\/div>\n[\/vc_column][\/vc_row][vc_row][vc_column]\n<div class=\"spacer spacer--large\" style=\"height:100px\"><\/div>\n<div class=\"spacer spacer--medium\" style=\"height:75px\"><\/div>\n<div class=\"spacer spacer--small\" style=\"height:50px\"><\/div>\n[\/vc_column][\/vc_row][vc_row content_placement=\u00a0\u00bbmiddle\u00a0\u00bb][vc_column width=\u00a0\u00bb1\/12&Prime; offset=\u00a0\u00bbvc_col-lg-1 vc_col-md-1 vc_hidden-sm vc_hidden-xs\u00a0\u00bb][\/vc_column][vc_column width=\u00a0\u00bb1\/2&Prime; offset=\u00a0\u00bbvc_col-lg-3 vc_col-md-3 vc_col-xs-12&Prime;][vc_single_image image=\u00a0\u00bb2956&Prime; img_size=\u00a0\u00bbfull\u00a0\u00bb css=\u00a0\u00bb\u00a0\u00bb][\/vc_column][vc_column width=\u00a0\u00bb1\/12&Prime; offset=\u00a0\u00bbvc_col-lg-1 vc_col-md-1 vc_hidden-sm vc_hidden-xs\u00a0\u00bb][\/vc_column][vc_column width=\u00a0\u00bb1\/2&Prime; offset=\u00a0\u00bbvc_col-lg-6 vc_col-md-6 vc_col-xs-12&Prime;]<div class=\"blockquote\"><span class=\"mfn-blockquote-icon\"><i class=\"icon-quote\" aria-hidden=\"true\"><\/i><\/span><blockquote class=\"mfn-inline-editor\">Il n&rsquo;y a pas de compromis lorsqu&rsquo;il s&rsquo;agit de la protection de la vie et de l&rsquo;int\u00e9grit\u00e9 physique. Chez RUCH NOVAPLAST, nous le savons et c&rsquo;est pourquoi nous imposons les plus hautes exigences \u00e0 nos \u00e9l\u00e9ments de collision. Sur la base de d\u00e9cennies d&rsquo;exp\u00e9rience et en \u00e9troite collaboration avec nos clients, nous d\u00e9veloppons et fabriquons ces pi\u00e8ces moul\u00e9es \u00e0 partir de mousses de particules sp\u00e9ciales. Les technologies de fabrication les plus r\u00e9centes et une int\u00e9gration fonctionnelle \u00e9lev\u00e9e permettent de cr\u00e9er des produits \u00e9conomiquement int\u00e9ressants.<\/blockquote><p class=\"author\"><i class=\"icon-user\"><\/i><span>Achim Gaiser \u2013 Responsable lancement de produits<\/span><\/p><\/div>\n[\/vc_column][vc_column width=\u00a0\u00bb1\/12&Prime; offset=\u00a0\u00bbvc_col-lg-1 vc_col-md-1 vc_hidden-sm vc_hidden-xs\u00a0\u00bb][\/vc_column][\/vc_row][vc_row][vc_column]\n<div class=\"spacer spacer--large\" style=\"height:60px\"><\/div>\n<div class=\"spacer spacer--medium\" style=\"height:60px\"><\/div>\n<div class=\"spacer spacer--small\" style=\"height:60px\"><\/div>\n[\/vc_column][\/vc_row][vc_row][vc_column]          <div class=\"teaser-container teaser-container--two-colum\">\n\n        \n    <div class=\"ruch-teaser-card bg--gray  wpb_animate_when_almost_visible wpb_fadeInLeft fadeInLeft\">\n        <div class=\"teaser-card-content\">\n          <h3>Expertises<\/h3>\n<p>Depuis plus de 140 ans, nous combinons notre expertise produit, notre connaissance des mat\u00e9riaux et notre savoir-faire en mati\u00e8re de fabrication et de processus pour d\u00e9velopper des solutions de mousse \u00e0 particules leaders sur le march\u00e9. En savoir plus sur notre expertise.<\/p>\n        <\/div>\n                <div class=\"teaser-card-button\">\n          <a href=\"https:\/\/www.ruch.de\/fr\/expertises\/\" title=\"Vers les expertises\" target=\"_self\" class=\"a--jump\">\n              Vers les expertises          <\/a>\n        <\/div>\n            <\/div>\n\n  \n    <div class=\"ruch-teaser-card bg--blue  wpb_animate_when_almost_visible wpb_fadeInRight fadeInRight\">\n        <div class=\"teaser-card-content\">\n          <h3>Innovations<\/h3>\n<p>Gr\u00e2ce \u00e0 une technologie de pointe et \u00e0 des id\u00e9es cr\u00e9atives, nous d\u00e9veloppons des solutions de mousse \u00e0 particules pionni\u00e8res. D\u00e9couvrez comment nos innovations \u00e9tablissent de nouvelles normes dans diff\u00e9rents domaines et rel\u00e8vent les d\u00e9fis du futur.<\/p>\n        <\/div>\n                <div class=\"teaser-card-button\">\n          <a href=\"https:\/\/www.ruch.de\/fr\/innovations\/\" title=\"Vers les innovations\" target=\"_self\" class=\"a--jump\">\n              Vers les innovations          <\/a>\n        <\/div>\n            <\/div>\n      <\/div>\n    [\/vc_column][\/vc_row][vc_row][vc_column]\n<div class=\"spacer spacer--large\" style=\"height:60px\"><\/div>\n<div class=\"spacer spacer--medium\" style=\"height:60px\"><\/div>\n<div class=\"spacer spacer--small\" style=\"height:60px\"><\/div>\n[\/vc_column][\/vc_row]<\/p>\n<\/div>","protected":false},"excerpt":{"rendered":"<p>[vc_row][vc_column][vc_row_inner][vc_column_inner][vc_column_text css=\u00a0\u00bb\u00a0\u00bb] Nos pi\u00e8ces moul\u00e9es pour la protection de la t\u00eate et du corps [\/vc_column_text][\/vc_column_inner][\/vc_row_inner][vc_row_inner][vc_column_inner width=\u00a0\u00bb1\/2&Prime;][vc_column_text css=\u00a0\u00bb\u00a0\u00bb]Dans la vie quotidienne comme dans le sport amateur et<span class=\"excerpt-hellip\"> [\u2026]<\/span><\/p>\n","protected":false},"author":1,"featured_media":-1,"parent":2039,"menu_order":0,"comment_status":"closed","ping_status":"closed","template":"","meta":{"_acf_changed":false,"footnotes":""},"class_list":["post-2954","page","type-page","status-publish","has-post-thumbnail","hentry"],"acf":[],"yoast_head":"<!-- This site is optimized with the Yoast SEO plugin v27.3 - https:\/\/yoast.com\/product\/yoast-seo-wordpress\/ -->\n<title>Protection de la t\u00eate et du corps | RUCH NOVAPLAST GmbH<\/title>\n<meta name=\"description\" content=\"D\u00e9couvrez les composants l\u00e9gers, absorbant les chocs et tr\u00e8s r\u00e9sistants que nous d\u00e9veloppons pour le secteur de la protection de la t\u00eate et du corps.\" \/>\n<meta name=\"robots\" content=\"index, follow, max-snippet:-1, max-image-preview:large, max-video-preview:-1\" \/>\n<link rel=\"canonical\" href=\"https:\/\/www.ruch.de\/fr\/applications\/protection-de-la-tete-du-corps\/\" \/>\n<meta property=\"og:locale\" content=\"fr_FR\" \/>\n<meta property=\"og:type\" content=\"article\" \/>\n<meta property=\"og:title\" content=\"Protection de la t\u00eate et du corps | RUCH NOVAPLAST GmbH\" \/>\n<meta property=\"og:description\" content=\"D\u00e9couvrez les composants l\u00e9gers, absorbant les chocs et tr\u00e8s r\u00e9sistants que nous d\u00e9veloppons pour le secteur de la protection de la t\u00eate et du corps.\" \/>\n<meta property=\"og:url\" content=\"https:\/\/www.ruch.de\/fr\/applications\/protection-de-la-tete-du-corps\/\" \/>\n<meta property=\"og:site_name\" content=\"RUCH NOVAPLAST\" \/>\n<meta property=\"article:publisher\" content=\"https:\/\/www.facebook.com\/ruchnovaplast\" \/>\n<meta property=\"article:modified_time\" content=\"2025-08-06T14:08:47+00:00\" \/>\n<meta name=\"twitter:card\" content=\"summary_large_image\" \/>\n<meta name=\"twitter:label1\" content=\"Dur\u00e9e de lecture estim\u00e9e\" \/>\n\t<meta name=\"twitter:data1\" content=\"7 minutes\" \/>\n<script type=\"application\/ld+json\" class=\"yoast-schema-graph\">{\"@context\":\"https:\\\/\\\/schema.org\",\"@graph\":[{\"@type\":\"WebPage\",\"@id\":\"https:\\\/\\\/www.ruch.de\\\/fr\\\/applications\\\/protection-de-la-tete-du-corps\\\/\",\"url\":\"https:\\\/\\\/www.ruch.de\\\/fr\\\/applications\\\/protection-de-la-tete-du-corps\\\/\",\"name\":\"Protection de la t\u00eate et du corps | RUCH NOVAPLAST GmbH\",\"isPartOf\":{\"@id\":\"https:\\\/\\\/www.ruch.de\\\/fr\\\/#website\"},\"datePublished\":\"2024-11-13T14:13:59+00:00\",\"dateModified\":\"2025-08-06T14:08:47+00:00\",\"description\":\"D\u00e9couvrez les composants l\u00e9gers, absorbant les chocs et tr\u00e8s r\u00e9sistants que nous d\u00e9veloppons pour le secteur de la protection de la t\u00eate et du corps.\",\"breadcrumb\":{\"@id\":\"https:\\\/\\\/www.ruch.de\\\/fr\\\/applications\\\/protection-de-la-tete-du-corps\\\/#breadcrumb\"},\"inLanguage\":\"fr-FR\",\"potentialAction\":[{\"@type\":\"ReadAction\",\"target\":[\"https:\\\/\\\/www.ruch.de\\\/fr\\\/applications\\\/protection-de-la-tete-du-corps\\\/\"]}]},{\"@type\":\"BreadcrumbList\",\"@id\":\"https:\\\/\\\/www.ruch.de\\\/fr\\\/applications\\\/protection-de-la-tete-du-corps\\\/#breadcrumb\",\"itemListElement\":[{\"@type\":\"ListItem\",\"position\":1,\"name\":\"Home\",\"item\":\"https:\\\/\\\/www.ruch.de\\\/fr\\\/\"},{\"@type\":\"ListItem\",\"position\":2,\"name\":\"Applications\",\"item\":\"https:\\\/\\\/www.ruch.de\\\/fr\\\/applications\\\/\"},{\"@type\":\"ListItem\",\"position\":3,\"name\":\"Protection de la t\u00eate &amp; du corps\"}]},{\"@type\":\"WebSite\",\"@id\":\"https:\\\/\\\/www.ruch.de\\\/fr\\\/#website\",\"url\":\"https:\\\/\\\/www.ruch.de\\\/fr\\\/\",\"name\":\"www.ruch.de\",\"description\":\"\",\"publisher\":{\"@id\":\"https:\\\/\\\/www.ruch.de\\\/fr\\\/#organization\"},\"potentialAction\":[{\"@type\":\"SearchAction\",\"target\":{\"@type\":\"EntryPoint\",\"urlTemplate\":\"https:\\\/\\\/www.ruch.de\\\/fr\\\/?s={search_term_string}\"},\"query-input\":{\"@type\":\"PropertyValueSpecification\",\"valueRequired\":true,\"valueName\":\"search_term_string\"}}],\"inLanguage\":\"fr-FR\"},{\"@type\":\"Organization\",\"@id\":\"https:\\\/\\\/www.ruch.de\\\/fr\\\/#organization\",\"name\":\"RUCH NOVAPLAST GmbH\",\"url\":\"https:\\\/\\\/www.ruch.de\\\/fr\\\/\",\"logo\":{\"@type\":\"ImageObject\",\"inLanguage\":\"fr-FR\",\"@id\":\"https:\\\/\\\/www.ruch.de\\\/fr\\\/#\\\/schema\\\/logo\\\/image\\\/\",\"url\":\"https:\\\/\\\/www.ruch.de\\\/wp-content\\\/uploads\\\/2024\\\/11\\\/ruch-novaplast-logo-black.svg\",\"contentUrl\":\"https:\\\/\\\/www.ruch.de\\\/wp-content\\\/uploads\\\/2024\\\/11\\\/ruch-novaplast-logo-black.svg\",\"width\":1802,\"height\":338,\"caption\":\"RUCH NOVAPLAST GmbH\"},\"image\":{\"@id\":\"https:\\\/\\\/www.ruch.de\\\/fr\\\/#\\\/schema\\\/logo\\\/image\\\/\"},\"sameAs\":[\"https:\\\/\\\/www.facebook.com\\\/ruchnovaplast\",\"https:\\\/\\\/www.instagram.com\\\/ruchnovaplast\\\/\",\"https:\\\/\\\/www.linkedin.com\\\/company\\\/ruch-novaplast-gmbh\"]}]}<\/script>\n<!-- \/ Yoast SEO plugin. -->","yoast_head_json":{"title":"Protection de la t\u00eate et du corps | RUCH NOVAPLAST GmbH","description":"D\u00e9couvrez les composants l\u00e9gers, absorbant les chocs et tr\u00e8s r\u00e9sistants que nous d\u00e9veloppons pour le secteur de la protection de la t\u00eate et du corps.","robots":{"index":"index","follow":"follow","max-snippet":"max-snippet:-1","max-image-preview":"max-image-preview:large","max-video-preview":"max-video-preview:-1"},"canonical":"https:\/\/www.ruch.de\/fr\/applications\/protection-de-la-tete-du-corps\/","og_locale":"fr_FR","og_type":"article","og_title":"Protection de la t\u00eate et du corps | RUCH NOVAPLAST GmbH","og_description":"D\u00e9couvrez les composants l\u00e9gers, absorbant les chocs et tr\u00e8s r\u00e9sistants que nous d\u00e9veloppons pour le secteur de la protection de la t\u00eate et du corps.","og_url":"https:\/\/www.ruch.de\/fr\/applications\/protection-de-la-tete-du-corps\/","og_site_name":"RUCH NOVAPLAST","article_publisher":"https:\/\/www.facebook.com\/ruchnovaplast","article_modified_time":"2025-08-06T14:08:47+00:00","twitter_card":"summary_large_image","twitter_misc":{"Dur\u00e9e de lecture estim\u00e9e":"7 minutes"},"schema":{"@context":"https:\/\/schema.org","@graph":[{"@type":"WebPage","@id":"https:\/\/www.ruch.de\/fr\/applications\/protection-de-la-tete-du-corps\/","url":"https:\/\/www.ruch.de\/fr\/applications\/protection-de-la-tete-du-corps\/","name":"Protection de la t\u00eate et du corps | RUCH NOVAPLAST GmbH","isPartOf":{"@id":"https:\/\/www.ruch.de\/fr\/#website"},"datePublished":"2024-11-13T14:13:59+00:00","dateModified":"2025-08-06T14:08:47+00:00","description":"D\u00e9couvrez les composants l\u00e9gers, absorbant les chocs et tr\u00e8s r\u00e9sistants que nous d\u00e9veloppons pour le secteur de la protection de la t\u00eate et du corps.","breadcrumb":{"@id":"https:\/\/www.ruch.de\/fr\/applications\/protection-de-la-tete-du-corps\/#breadcrumb"},"inLanguage":"fr-FR","potentialAction":[{"@type":"ReadAction","target":["https:\/\/www.ruch.de\/fr\/applications\/protection-de-la-tete-du-corps\/"]}]},{"@type":"BreadcrumbList","@id":"https:\/\/www.ruch.de\/fr\/applications\/protection-de-la-tete-du-corps\/#breadcrumb","itemListElement":[{"@type":"ListItem","position":1,"name":"Home","item":"https:\/\/www.ruch.de\/fr\/"},{"@type":"ListItem","position":2,"name":"Applications","item":"https:\/\/www.ruch.de\/fr\/applications\/"},{"@type":"ListItem","position":3,"name":"Protection de la t\u00eate &amp; du corps"}]},{"@type":"WebSite","@id":"https:\/\/www.ruch.de\/fr\/#website","url":"https:\/\/www.ruch.de\/fr\/","name":"www.ruch.de","description":"","publisher":{"@id":"https:\/\/www.ruch.de\/fr\/#organization"},"potentialAction":[{"@type":"SearchAction","target":{"@type":"EntryPoint","urlTemplate":"https:\/\/www.ruch.de\/fr\/?s={search_term_string}"},"query-input":{"@type":"PropertyValueSpecification","valueRequired":true,"valueName":"search_term_string"}}],"inLanguage":"fr-FR"},{"@type":"Organization","@id":"https:\/\/www.ruch.de\/fr\/#organization","name":"RUCH NOVAPLAST GmbH","url":"https:\/\/www.ruch.de\/fr\/","logo":{"@type":"ImageObject","inLanguage":"fr-FR","@id":"https:\/\/www.ruch.de\/fr\/#\/schema\/logo\/image\/","url":"https:\/\/www.ruch.de\/wp-content\/uploads\/2024\/11\/ruch-novaplast-logo-black.svg","contentUrl":"https:\/\/www.ruch.de\/wp-content\/uploads\/2024\/11\/ruch-novaplast-logo-black.svg","width":1802,"height":338,"caption":"RUCH NOVAPLAST GmbH"},"image":{"@id":"https:\/\/www.ruch.de\/fr\/#\/schema\/logo\/image\/"},"sameAs":["https:\/\/www.facebook.com\/ruchnovaplast","https:\/\/www.instagram.com\/ruchnovaplast\/","https:\/\/www.linkedin.com\/company\/ruch-novaplast-gmbh"]}]}},"_links":{"self":[{"href":"https:\/\/www.ruch.de\/fr\/wp-json\/wp\/v2\/pages\/2954","targetHints":{"allow":["GET"]}}],"collection":[{"href":"https:\/\/www.ruch.de\/fr\/wp-json\/wp\/v2\/pages"}],"about":[{"href":"https:\/\/www.ruch.de\/fr\/wp-json\/wp\/v2\/types\/page"}],"author":[{"embeddable":true,"href":"https:\/\/www.ruch.de\/fr\/wp-json\/wp\/v2\/users\/1"}],"replies":[{"embeddable":true,"href":"https:\/\/www.ruch.de\/fr\/wp-json\/wp\/v2\/comments?post=2954"}],"version-history":[{"count":0,"href":"https:\/\/www.ruch.de\/fr\/wp-json\/wp\/v2\/pages\/2954\/revisions"}],"up":[{"embeddable":true,"href":"https:\/\/www.ruch.de\/fr\/wp-json\/wp\/v2\/pages\/2039"}],"wp:featuredmedia":[{"embeddable":true,"href":"https:\/\/www.ruch.de\/fr\/wp-json\/"}],"wp:attachment":[{"href":"https:\/\/www.ruch.de\/fr\/wp-json\/wp\/v2\/media?parent=2954"}],"curies":[{"name":"wp","href":"https:\/\/api.w.org\/{rel}","templated":true}]}}