{"id":2897,"date":"2024-11-13T15:20:07","date_gmt":"2024-11-13T14:20:07","guid":{"rendered":"https:\/\/www.ruch.de\/societe\/sites\/"},"modified":"2026-02-25T14:44:56","modified_gmt":"2026-02-25T13:44:56","slug":"sites","status":"publish","type":"page","link":"https:\/\/www.ruch.de\/fr\/entreprise\/sites\/","title":{"rendered":"Sites"},"content":{"rendered":"<div class=\"wpb-content-wrapper\"><p>[vc_row][vc_column]\n<div class=\"spacer spacer--large\" style=\"height:100px\"><\/div>\n<div class=\"spacer spacer--medium\" style=\"height:60px\"><\/div>\n<div class=\"spacer spacer--small\" style=\"height:60px\"><\/div>\n[vc_row_inner][vc_column_inner][vc_column_text css=\u00a0\u00bb\u00a0\u00bb]<\/p>\n<h1>Nos sites : chez nous en Europe<\/h1>\n<p>[\/vc_column_text][\/vc_column_inner][\/vc_row_inner][vc_row_inner][vc_column_inner width=\u00a0\u00bb1\/2&Prime;][vc_column_text css=\u00a0\u00bb\u00a0\u00bb]RUCH NOVAPLAST et RUCH MORAPLAST &#8211; deux partenaires puissants, distants d&rsquo;environ 1.000 kilom\u00e8tres et pourtant \u00e9troitement li\u00e9s. Avec des sites en Allemagne et en R\u00e9publique tch\u00e8que, nous sommes parfaitement positionn\u00e9s au c\u0153ur de l&rsquo;Europe pour d\u00e9velopper et produire des pi\u00e8ces moul\u00e9es innovantes et des syst\u00e8mes de bo\u00eetiers complexes en mousse de particules.[\/vc_column_text][\/vc_column_inner][vc_column_inner width=\u00a0\u00bb1\/2&Prime;][vc_column_text css=\u00a0\u00bb\u00a0\u00bb]En tant que soci\u00e9t\u00e9s du groupe RUCH, RUCH NOVAPLAST et RUCH MORAPLAST travaillent main dans la main. Cette \u00e9troite collaboration nous permet d&rsquo;exploiter efficacement les synergies, d&rsquo;\u00e9changer nos exp\u00e9riences \u00e0 travers l&rsquo;Europe et de cr\u00e9er des solutions exceptionnelles pour nos clients gr\u00e2ce \u00e0 un solide r\u00e9seau de partenaires et de services.[\/vc_column_text][\/vc_column_inner][\/vc_row_inner]\n<div class=\"spacer spacer--large\" style=\"height:60px\"><\/div>\n<div class=\"spacer spacer--medium\" style=\"height:60px\"><\/div>\n<div class=\"spacer spacer--small\" style=\"height:60px\"><\/div>\n[\/vc_column][\/vc_row][vc_row][vc_column][vc_single_image image=\u00a0\u00bb2898&Prime; img_size=\u00a0\u00bbfull\u00a0\u00bb alignment=\u00a0\u00bbcenter\u00a0\u00bb css=\u00a0\u00bb\u00a0\u00bb][\/vc_column][\/vc_row][vc_row][vc_column]\n<div class=\"spacer spacer--large\" style=\"height:60px\"><\/div>\n<div class=\"spacer spacer--medium\" style=\"height:60px\"><\/div>\n<div class=\"spacer spacer--small\" style=\"height:60px\"><\/div>\n[\/vc_column][\/vc_row][vc_row full_width=\u00a0\u00bbstretch_row\u00a0\u00bb el_class=\u00a0\u00bbbg-blue-bubbles-top-left\u00a0\u00bb][vc_column]\n<div class=\"spacer spacer--large\" style=\"height:60px\"><\/div>\n<div class=\"spacer spacer--medium\" style=\"height:60px\"><\/div>\n<div class=\"spacer spacer--small\" style=\"height:60px\"><\/div>\n[vc_row_inner][vc_column_inner width=\u00a0\u00bb1\/2&Prime;][vc_column_text css=\u00a0\u00bb\u00a0\u00bb]<\/p>\n<h2><span class=\"text--white\">Ensemble vers l&rsquo;avenir<\/span><\/h2>\n<p>[\/vc_column_text][\/vc_column_inner][vc_column_inner width=\u00a0\u00bb1\/2&Prime;][\/vc_column_inner][\/vc_row_inner][vc_row_inner][vc_column_inner width=\u00a0\u00bb1\/2&Prime;][vc_column_text css=\u00a0\u00bb\u00a0\u00bb]<span class=\"text--white\">RUCH NOVAPLAST et RUCH MORAPLAST peuvent s&rsquo;enorgueillir d&rsquo;une collaboration fructueuse &#8211; et nous souhaitons renforcer ce partenariat \u00e0 l&rsquo;avenir. Il y a plusieurs ann\u00e9es d\u00e9j\u00e0, nos actionnaires et la direction ont pos\u00e9 les jalons pour rapprocher les deux entreprises. En poursuivant ensemble des objectifs strat\u00e9giques, nous cr\u00e9ons une entit\u00e9 encore plus forte, capable de r\u00e9agir de mani\u00e8re flexible et innovante aux exigences du march\u00e9 international. <\/span>[\/vc_column_text][\/vc_column_inner][vc_column_inner width=\u00a0\u00bb1\/2&Prime;][vc_column_text css=\u00a0\u00bb\u00a0\u00bb]<span class=\"text--white\">Nous nous concentrons sur l&rsquo;exploitation des synergies, l&rsquo;optimisation des processus et la combinaison des forces des deux sites. C&rsquo;est ainsi que nous garantissons le succ\u00e8s de notre groupe, non seulement aujourd&rsquo;hui, mais aussi demain. Ensemble, nous fa\u00e7onnons l&rsquo;avenir &#8211; pour vous, notre client, et pour les march\u00e9s de demain. <\/span>[\/vc_column_text][\/vc_column_inner][\/vc_row_inner]\n<div class=\"spacer spacer--large\" style=\"height:60px\"><\/div>\n<div class=\"spacer spacer--medium\" style=\"height:60px\"><\/div>\n<div class=\"spacer spacer--small\" style=\"height:60px\"><\/div>\n[\/vc_column][\/vc_row][vc_row][vc_column]\n    <div class=\"ruch-blogteaser swiper-wrapper-enabled\">\n        <div class=\"wysiwyg\">\n                    <\/div>\n                                    <div class=\"swiper blog-swiper\">\n                    <div class=\"swiper-wrapper\">\n                                                    <div class=\"swiper-slide\">\n                                \n    <div class=\"ruch-blogteaser__post\">\n        <div class=\"ruch-blogteaser__img\">\n            <img loading=\"lazy\" decoding=\"async\" width=\"892\" height=\"669\" src=\"https:\/\/www.ruch.de\/wp-content\/uploads\/2026\/03\/MCE-Blog-1-1.jpg\" class=\"attachment-full size-full wp-post-image\" alt=\"Messe MCE in Mailand 2026\" \/>        <\/div>\n\n        <div class=\"ruch-blogteaser__text\">\n                            <p class=\"ruch-blogteaser__child-category\">Oberkirch<\/p>\n            \n            <h3>MCE | Milan | 24-27 mars 2026<\/h3>\n            <p>RUCH NOVAPLAST pr\u00e9sente au salon MCE 2026 de Milan des pi\u00e8ces moul\u00e9es en EPP innovantes pour des solutions HVAC plus l\u00e9g\u00e8res et plus efficaces sur le plan \u00e9nerg\u00e9tique.<\/p>\n\n            <a href=\"https:\/\/www.ruch.de\/fr\/news\/mce-mailan-24-27-mars-2026\/\" class=\"btn-custom2\">\n                Vers l'article du blog            <\/a>\n        <\/div>\n    <\/div>\n\n                                <\/div>\n                                                    <div class=\"swiper-slide\">\n                                \n    <div class=\"ruch-blogteaser__post\">\n        <div class=\"ruch-blogteaser__img\">\n            <img loading=\"lazy\" decoding=\"async\" width=\"892\" height=\"669\" src=\"https:\/\/www.ruch.de\/wp-content\/uploads\/2026\/02\/RUCH_MORAPLAST_Logo_blue_RGB.png\" class=\"attachment-full size-full wp-post-image\" alt=\"Logo de notre filiale tch\u00e8que RUCH MORAPLAST\" srcset=\"https:\/\/www.ruch.de\/wp-content\/uploads\/2026\/02\/RUCH_MORAPLAST_Logo_blue_RGB.png 892w, https:\/\/www.ruch.de\/wp-content\/uploads\/2026\/02\/RUCH_MORAPLAST_Logo_blue_RGB-300x225.png 300w, https:\/\/www.ruch.de\/wp-content\/uploads\/2026\/02\/RUCH_MORAPLAST_Logo_blue_RGB-768x576.png 768w, https:\/\/www.ruch.de\/wp-content\/uploads\/2026\/02\/RUCH_MORAPLAST_Logo_blue_RGB-100x75.png 100w, https:\/\/www.ruch.de\/wp-content\/uploads\/2026\/02\/RUCH_MORAPLAST_Logo_blue_RGB-480x360.png 480w\" sizes=\"auto, (max-width:767px) 480px, (max-width:892px) 100vw, 892px\" \/>        <\/div>\n\n        <div class=\"ruch-blogteaser__text\">\n                            <p class=\"ruch-blogteaser__child-category\">Oberkirch<\/p>\n            \n            <h3>RUCH MORAPLAST<\/h3>\n            <p>La filiale tch\u00e8que RUCH MORAPLAST de RUCH NOVAPLAST est visuellement int\u00e9gr\u00e9e dans la structure de marque du groupe.<\/p>\n\n            <a href=\"https:\/\/www.ruch.de\/fr\/news\/ruch-moraplast\/\" class=\"btn-custom2\">\n                Vers l'article du blog            <\/a>\n        <\/div>\n    <\/div>\n\n                                <\/div>\n                                                    <div class=\"swiper-slide\">\n                                \n    <div class=\"ruch-blogteaser__post\">\n        <div class=\"ruch-blogteaser__img\">\n            <img loading=\"lazy\" decoding=\"async\" width=\"892\" height=\"669\" src=\"https:\/\/www.ruch.de\/wp-content\/uploads\/2025\/09\/Einweihung-Gebaeude-Ruch_Novaplast.jpg\" class=\"attachment-full size-full wp-post-image\" alt=\"Immeuble de bureaux nouvellement construit | RUCH NOVAPLAST GmbH \u00e0 Oberkirch\" srcset=\"https:\/\/www.ruch.de\/wp-content\/uploads\/2025\/09\/Einweihung-Gebaeude-Ruch_Novaplast.jpg 892w, https:\/\/www.ruch.de\/wp-content\/uploads\/2025\/09\/Einweihung-Gebaeude-Ruch_Novaplast-300x225.jpg 300w, https:\/\/www.ruch.de\/wp-content\/uploads\/2025\/09\/Einweihung-Gebaeude-Ruch_Novaplast-768x576.jpg 768w, https:\/\/www.ruch.de\/wp-content\/uploads\/2025\/09\/Einweihung-Gebaeude-Ruch_Novaplast-100x75.jpg 100w, https:\/\/www.ruch.de\/wp-content\/uploads\/2025\/09\/Einweihung-Gebaeude-Ruch_Novaplast-480x360.jpg 480w\" sizes=\"auto, (max-width:767px) 480px, (max-width:892px) 100vw, 892px\" \/>        <\/div>\n\n        <div class=\"ruch-blogteaser__text\">\n                            <p class=\"ruch-blogteaser__child-category\">Oberkirch<\/p>\n            \n            <h3>Emm\u00e9nagement dans de nouveaux bureaux<\/h3>\n            <p>RUCH NOVAPLAST s&#039;installe dans de nouveaux bureaux \u00e0 Oberkirch. Cet emm\u00e9nagement cr\u00e9e des postes de travail modernes et des conditions optimales pour la collaboration, l&#039;innovation et la croissance. <\/p>\n\n            <a href=\"https:\/\/www.ruch.de\/fr\/news\/emmenagement-dans-de-nouveaux-bureaux\/\" class=\"btn-custom2\">\n                Vers l'article du blog            <\/a>\n        <\/div>\n    <\/div>\n\n                                <\/div>\n                                                    <div class=\"swiper-slide\">\n                                \n    <div class=\"ruch-blogteaser__post\">\n        <div class=\"ruch-blogteaser__img\">\n            <img loading=\"lazy\" decoding=\"async\" width=\"892\" height=\"666\" src=\"https:\/\/www.ruch.de\/wp-content\/uploads\/2025\/09\/Fuenfte-Familiengeration-bei-ruch-novaplast.jpg\" class=\"attachment-full size-full wp-post-image\" alt=\"La 5e g\u00e9n\u00e9ration rejoint l&#039;entreprise familiale | RUCH NOVAPLAST GmbH \u00e0 Oberkirch\" srcset=\"https:\/\/www.ruch.de\/wp-content\/uploads\/2025\/09\/Fuenfte-Familiengeration-bei-ruch-novaplast.jpg 892w, https:\/\/www.ruch.de\/wp-content\/uploads\/2025\/09\/Fuenfte-Familiengeration-bei-ruch-novaplast-300x224.jpg 300w, https:\/\/www.ruch.de\/wp-content\/uploads\/2025\/09\/Fuenfte-Familiengeration-bei-ruch-novaplast-768x573.jpg 768w, https:\/\/www.ruch.de\/wp-content\/uploads\/2025\/09\/Fuenfte-Familiengeration-bei-ruch-novaplast-100x75.jpg 100w, https:\/\/www.ruch.de\/wp-content\/uploads\/2025\/09\/Fuenfte-Familiengeration-bei-ruch-novaplast-480x358.jpg 480w\" sizes=\"auto, (max-width:767px) 480px, (max-width:892px) 100vw, 892px\" \/>        <\/div>\n\n        <div class=\"ruch-blogteaser__text\">\n                            <p class=\"ruch-blogteaser__child-category\">Oberkirch<\/p>\n            \n            <h3>Garantie de p\u00e9rennit\u00e9 des travailleurs de la technologie<\/h3>\n            <p>RUCH NOVAPLAST mise sur un premier semestre 2025 stable. Gr\u00e2ce \u00e0 l&#039;innovation, aux investissements r\u00e9alis\u00e9s sur le site d&#039;Oberkirch et \u00e0 l&#039;association de la nouvelle g\u00e9n\u00e9ration familiale, l&#039;entreprise se donne les moyens d&#039;un avenir prosp\u00e8re. <\/p>\n\n            <a href=\"https:\/\/www.ruch.de\/fr\/news\/assurer-lavenir\/\" class=\"btn-custom2\">\n                Vers l'article du blog            <\/a>\n        <\/div>\n    <\/div>\n\n                                <\/div>\n                                                    <div class=\"swiper-slide\">\n                                \n    <div class=\"ruch-blogteaser__post\">\n        <div class=\"ruch-blogteaser__img\">\n            <img loading=\"lazy\" decoding=\"async\" width=\"892\" height=\"664\" src=\"https:\/\/www.ruch.de\/wp-content\/uploads\/2025\/04\/Hidden-Champions.jpg\" class=\"attachment-full size-full wp-post-image\" alt=\"Certificat Hidden Champions | Actualit\u00e9s | RUCH NOVAPLAST GmbH | Leader technologique pour les pi\u00e8ces moul\u00e9es en mousse de particules\" srcset=\"https:\/\/www.ruch.de\/wp-content\/uploads\/2025\/04\/Hidden-Champions.jpg 892w, https:\/\/www.ruch.de\/wp-content\/uploads\/2025\/04\/Hidden-Champions-300x223.jpg 300w, https:\/\/www.ruch.de\/wp-content\/uploads\/2025\/04\/Hidden-Champions-768x572.jpg 768w, https:\/\/www.ruch.de\/wp-content\/uploads\/2025\/04\/Hidden-Champions-101x75.jpg 101w, https:\/\/www.ruch.de\/wp-content\/uploads\/2025\/04\/Hidden-Champions-480x357.jpg 480w\" sizes=\"auto, (max-width:767px) 480px, (max-width:892px) 100vw, 892px\" \/>        <\/div>\n\n        <div class=\"ruch-blogteaser__text\">\n                            <p class=\"ruch-blogteaser__child-category\">Oberkirch<\/p>\n            \n            <h3>RUCH NOVAPLAST r\u00e9compens\u00e9 comme champion cach\u00e9<\/h3>\n            <p>RUCH NOVAPLAST fait officiellement partie des &quot;champions cach\u00e9s&quot; de la r\u00e9gion Black Forest Power. Cette distinction confirme notre r\u00f4le de leader technologique et d&#039;initiateur de solutions d&#039;avenir en mousse de particules. <\/p>\n\n            <a href=\"https:\/\/www.ruch.de\/fr\/news\/ruch-novaplast-champion-cache\/\" class=\"btn-custom2\">\n                Vers l'article du blog            <\/a>\n        <\/div>\n    <\/div>\n\n                                <\/div>\n                                                    <div class=\"swiper-slide\">\n                                \n    <div class=\"ruch-blogteaser__post\">\n        <div class=\"ruch-blogteaser__img\">\n            <img loading=\"lazy\" decoding=\"async\" width=\"892\" height=\"664\" src=\"https:\/\/www.ruch.de\/wp-content\/uploads\/2025\/01\/markenrelaunch-marke-logo-entwicklung-ruch-novaplast.jpg\" class=\"attachment-full size-full wp-post-image\" alt=\"R | Bildmarke in schwarz | RUCH NOVAPLAST GmbH in Oberkirch\" srcset=\"https:\/\/www.ruch.de\/wp-content\/uploads\/2025\/01\/markenrelaunch-marke-logo-entwicklung-ruch-novaplast.jpg 892w, https:\/\/www.ruch.de\/wp-content\/uploads\/2025\/01\/markenrelaunch-marke-logo-entwicklung-ruch-novaplast-300x223.jpg 300w, https:\/\/www.ruch.de\/wp-content\/uploads\/2025\/01\/markenrelaunch-marke-logo-entwicklung-ruch-novaplast-768x572.jpg 768w, https:\/\/www.ruch.de\/wp-content\/uploads\/2025\/01\/markenrelaunch-marke-logo-entwicklung-ruch-novaplast-101x75.jpg 101w, https:\/\/www.ruch.de\/wp-content\/uploads\/2025\/01\/markenrelaunch-marke-logo-entwicklung-ruch-novaplast-480x357.jpg 480w\" sizes=\"auto, (max-width:767px) 480px, (max-width:892px) 100vw, 892px\" \/>        <\/div>\n\n        <div class=\"ruch-blogteaser__text\">\n                            <p class=\"ruch-blogteaser__child-category\">Oberkirch<\/p>\n            \n            <h3>Relance de la marque<\/h3>\n            <p>RUCH NOVAPLAST a beaucoup \u00e9volu\u00e9 au cours des derni\u00e8res ann\u00e9es.<\/p>\n\n            <a href=\"https:\/\/www.ruch.de\/fr\/news\/brand-relaunch\/\" class=\"btn-custom2\">\n                Vers l'article du blog            <\/a>\n        <\/div>\n    <\/div>\n\n                                <\/div>\n                                            <\/div>\n                    <button type=\"button\" class=\"swiper-button-prev\"><img decoding=\"async\" src=\"https:\/\/www.ruch.de\/wp-content\/themes\/betheme-child\/img\/icon-pfeil-weiss-ruch-novaplast.svg\"><\/button>\n                    <button type=\"button\" class=\"swiper-button-next\"><img decoding=\"async\" src=\"https:\/\/www.ruch.de\/wp-content\/themes\/betheme-child\/img\/icon-pfeil-weiss-ruch-novaplast.svg\"><\/button>\n                <\/div>\n            \n                        <\/div>\n\n    [\/vc_column][\/vc_row][vc_row][vc_column]\n<div class=\"spacer spacer--large\" style=\"height:60px\"><\/div>\n<div class=\"spacer spacer--medium\" style=\"height:60px\"><\/div>\n<div class=\"spacer spacer--small\" style=\"height:60px\"><\/div>\n[\/vc_column][\/vc_row][vc_row][vc_column]          <div class=\"teaser-container teaser-container--two-colum\">\n\n        \n    <div class=\"ruch-teaser-card bg--gray  wpb_animate_when_almost_visible wpb_fadeInLeft fadeInLeft\">\n        <div class=\"teaser-card-content\">\n          <h3>Soci\u00e9t\u00e9<\/h3>\n<p>Sur notre page d&rsquo;entreprise, vous d\u00e9couvrirez d&rsquo;autres aper\u00e7us passionnants de notre philosophie, de nos innovations et de notre engagement pour une qualit\u00e9 sup\u00e9rieure. Apprenez-en plus sur ce qui nous motive et sur la fa\u00e7on dont nous contribuons activement \u00e0 fa\u00e7onner l&rsquo;avenir.<\/p>\n        <\/div>\n                <div class=\"teaser-card-button\">\n          <a href=\"https:\/\/www.ruch.de\/fr\/entreprise\/\" title=\"En savoir plus sur notre entreprise\" target=\"_self\" class=\"a--jump\">\n              En savoir plus sur notre entreprise          <\/a>\n        <\/div>\n            <\/div>\n\n  \n    <div class=\"ruch-teaser-card bg--blue  wpb_animate_when_almost_visible wpb_fadeInRight fadeInRight\">\n        <div class=\"teaser-card-content\">\n          <h3>Carri\u00e8res<\/h3>\n<p>Rejoignez une \u00e9quipe innovante qui fa\u00e7onne l&rsquo;avenir. Sur notre page Carri\u00e8res, vous trouverez des aper\u00e7us passionnants de notre monde du travail, les offres d&#8217;emploi actuelles et tout ce que vous devez savoir sur vos possibilit\u00e9s de carri\u00e8re chez nous.<\/p>\n        <\/div>\n                <div class=\"teaser-card-button\">\n          <a href=\"https:\/\/www.ruch.de\/fr\/carrieres\/\" title=\"Acc\u00e9der \u00e0 notre section Carri\u00e8res\" target=\"_self\" class=\"a--jump\">\n              Acc\u00e9der \u00e0 notre section Carri\u00e8res          <\/a>\n        <\/div>\n            <\/div>\n      <\/div>\n    [\/vc_column][\/vc_row][vc_row][vc_column]\n<div class=\"spacer spacer--large\" style=\"height:60px\"><\/div>\n<div class=\"spacer spacer--medium\" style=\"height:60px\"><\/div>\n<div class=\"spacer spacer--small\" style=\"height:60px\"><\/div>\n[\/vc_column][\/vc_row]<\/p>\n<\/div>","protected":false},"excerpt":{"rendered":"<p>[vc_row][vc_column][vc_row_inner][vc_column_inner][vc_column_text css=\u00a0\u00bb\u00a0\u00bb] Nos sites : chez nous en Europe [\/vc_column_text][\/vc_column_inner][\/vc_row_inner][vc_row_inner][vc_column_inner width=\u00a0\u00bb1\/2&Prime;][vc_column_text css=\u00a0\u00bb\u00a0\u00bb]RUCH NOVAPLAST et RUCH MORAPLAST &#8211; deux partenaires puissants, distants d&rsquo;environ 1.000 kilom\u00e8tres et pourtant<span class=\"excerpt-hellip\"> [\u2026]<\/span><\/p>\n","protected":false},"author":1,"featured_media":-1,"parent":2751,"menu_order":0,"comment_status":"closed","ping_status":"closed","template":"","meta":{"_acf_changed":false,"footnotes":""},"class_list":["post-2897","page","type-page","status-publish","has-post-thumbnail","hentry"],"acf":[],"yoast_head":"<!-- This site is optimized with the Yoast SEO plugin v27.3 - https:\/\/yoast.com\/product\/yoast-seo-wordpress\/ -->\n<title>Nos sites | RUCH NOVAPLAST GmbH<\/title>\n<meta name=\"description\" content=\"RUCH NOVAPLAST et MORAplast travaillent en \u00e9troite collaboration depuis des ann\u00e9es. En savoir plus sur nos sites en Allemagne et en R\u00e9publique tch\u00e8que.\" \/>\n<meta name=\"robots\" content=\"index, follow, max-snippet:-1, max-image-preview:large, max-video-preview:-1\" \/>\n<link rel=\"canonical\" href=\"https:\/\/www.ruch.de\/fr\/entreprise\/sites\/\" \/>\n<meta property=\"og:locale\" content=\"fr_FR\" \/>\n<meta property=\"og:type\" content=\"article\" \/>\n<meta property=\"og:title\" content=\"Nos sites | RUCH NOVAPLAST GmbH\" \/>\n<meta property=\"og:description\" content=\"RUCH NOVAPLAST et MORAplast travaillent en \u00e9troite collaboration depuis des ann\u00e9es. En savoir plus sur nos sites en Allemagne et en R\u00e9publique tch\u00e8que.\" \/>\n<meta property=\"og:url\" content=\"https:\/\/www.ruch.de\/fr\/entreprise\/sites\/\" \/>\n<meta property=\"og:site_name\" content=\"RUCH NOVAPLAST\" \/>\n<meta property=\"article:publisher\" content=\"https:\/\/www.facebook.com\/ruchnovaplast\" \/>\n<meta property=\"article:modified_time\" content=\"2026-02-25T13:44:56+00:00\" \/>\n<meta name=\"twitter:card\" content=\"summary_large_image\" \/>\n<meta name=\"twitter:label1\" content=\"Dur\u00e9e de lecture estim\u00e9e\" \/>\n\t<meta name=\"twitter:data1\" content=\"3 minutes\" \/>\n<script type=\"application\/ld+json\" class=\"yoast-schema-graph\">{\"@context\":\"https:\\\/\\\/schema.org\",\"@graph\":[{\"@type\":\"WebPage\",\"@id\":\"https:\\\/\\\/www.ruch.de\\\/fr\\\/entreprise\\\/sites\\\/\",\"url\":\"https:\\\/\\\/www.ruch.de\\\/fr\\\/entreprise\\\/sites\\\/\",\"name\":\"Nos sites | RUCH NOVAPLAST GmbH\",\"isPartOf\":{\"@id\":\"https:\\\/\\\/www.ruch.de\\\/fr\\\/#website\"},\"datePublished\":\"2024-11-13T14:20:07+00:00\",\"dateModified\":\"2026-02-25T13:44:56+00:00\",\"description\":\"RUCH NOVAPLAST et MORAplast travaillent en \u00e9troite collaboration depuis des ann\u00e9es. En savoir plus sur nos sites en Allemagne et en R\u00e9publique tch\u00e8que.\",\"breadcrumb\":{\"@id\":\"https:\\\/\\\/www.ruch.de\\\/fr\\\/entreprise\\\/sites\\\/#breadcrumb\"},\"inLanguage\":\"fr-FR\",\"potentialAction\":[{\"@type\":\"ReadAction\",\"target\":[\"https:\\\/\\\/www.ruch.de\\\/fr\\\/entreprise\\\/sites\\\/\"]}]},{\"@type\":\"BreadcrumbList\",\"@id\":\"https:\\\/\\\/www.ruch.de\\\/fr\\\/entreprise\\\/sites\\\/#breadcrumb\",\"itemListElement\":[{\"@type\":\"ListItem\",\"position\":1,\"name\":\"Home\",\"item\":\"https:\\\/\\\/www.ruch.de\\\/fr\\\/\"},{\"@type\":\"ListItem\",\"position\":2,\"name\":\"Entreprise\",\"item\":\"https:\\\/\\\/www.ruch.de\\\/fr\\\/entreprise\\\/\"},{\"@type\":\"ListItem\",\"position\":3,\"name\":\"Sites\"}]},{\"@type\":\"WebSite\",\"@id\":\"https:\\\/\\\/www.ruch.de\\\/fr\\\/#website\",\"url\":\"https:\\\/\\\/www.ruch.de\\\/fr\\\/\",\"name\":\"www.ruch.de\",\"description\":\"\",\"publisher\":{\"@id\":\"https:\\\/\\\/www.ruch.de\\\/fr\\\/#organization\"},\"potentialAction\":[{\"@type\":\"SearchAction\",\"target\":{\"@type\":\"EntryPoint\",\"urlTemplate\":\"https:\\\/\\\/www.ruch.de\\\/fr\\\/?s={search_term_string}\"},\"query-input\":{\"@type\":\"PropertyValueSpecification\",\"valueRequired\":true,\"valueName\":\"search_term_string\"}}],\"inLanguage\":\"fr-FR\"},{\"@type\":\"Organization\",\"@id\":\"https:\\\/\\\/www.ruch.de\\\/fr\\\/#organization\",\"name\":\"RUCH NOVAPLAST GmbH\",\"url\":\"https:\\\/\\\/www.ruch.de\\\/fr\\\/\",\"logo\":{\"@type\":\"ImageObject\",\"inLanguage\":\"fr-FR\",\"@id\":\"https:\\\/\\\/www.ruch.de\\\/fr\\\/#\\\/schema\\\/logo\\\/image\\\/\",\"url\":\"https:\\\/\\\/www.ruch.de\\\/wp-content\\\/uploads\\\/2024\\\/11\\\/ruch-novaplast-logo-black.svg\",\"contentUrl\":\"https:\\\/\\\/www.ruch.de\\\/wp-content\\\/uploads\\\/2024\\\/11\\\/ruch-novaplast-logo-black.svg\",\"width\":1802,\"height\":338,\"caption\":\"RUCH NOVAPLAST GmbH\"},\"image\":{\"@id\":\"https:\\\/\\\/www.ruch.de\\\/fr\\\/#\\\/schema\\\/logo\\\/image\\\/\"},\"sameAs\":[\"https:\\\/\\\/www.facebook.com\\\/ruchnovaplast\",\"https:\\\/\\\/www.instagram.com\\\/ruchnovaplast\\\/\",\"https:\\\/\\\/www.linkedin.com\\\/company\\\/ruch-novaplast-gmbh\"]}]}<\/script>\n<!-- \/ Yoast SEO plugin. -->","yoast_head_json":{"title":"Nos sites | RUCH NOVAPLAST GmbH","description":"RUCH NOVAPLAST et MORAplast travaillent en \u00e9troite collaboration depuis des ann\u00e9es. En savoir plus sur nos sites en Allemagne et en R\u00e9publique tch\u00e8que.","robots":{"index":"index","follow":"follow","max-snippet":"max-snippet:-1","max-image-preview":"max-image-preview:large","max-video-preview":"max-video-preview:-1"},"canonical":"https:\/\/www.ruch.de\/fr\/entreprise\/sites\/","og_locale":"fr_FR","og_type":"article","og_title":"Nos sites | RUCH NOVAPLAST GmbH","og_description":"RUCH NOVAPLAST et MORAplast travaillent en \u00e9troite collaboration depuis des ann\u00e9es. En savoir plus sur nos sites en Allemagne et en R\u00e9publique tch\u00e8que.","og_url":"https:\/\/www.ruch.de\/fr\/entreprise\/sites\/","og_site_name":"RUCH NOVAPLAST","article_publisher":"https:\/\/www.facebook.com\/ruchnovaplast","article_modified_time":"2026-02-25T13:44:56+00:00","twitter_card":"summary_large_image","twitter_misc":{"Dur\u00e9e de lecture estim\u00e9e":"3 minutes"},"schema":{"@context":"https:\/\/schema.org","@graph":[{"@type":"WebPage","@id":"https:\/\/www.ruch.de\/fr\/entreprise\/sites\/","url":"https:\/\/www.ruch.de\/fr\/entreprise\/sites\/","name":"Nos sites | RUCH NOVAPLAST GmbH","isPartOf":{"@id":"https:\/\/www.ruch.de\/fr\/#website"},"datePublished":"2024-11-13T14:20:07+00:00","dateModified":"2026-02-25T13:44:56+00:00","description":"RUCH NOVAPLAST et MORAplast travaillent en \u00e9troite collaboration depuis des ann\u00e9es. En savoir plus sur nos sites en Allemagne et en R\u00e9publique tch\u00e8que.","breadcrumb":{"@id":"https:\/\/www.ruch.de\/fr\/entreprise\/sites\/#breadcrumb"},"inLanguage":"fr-FR","potentialAction":[{"@type":"ReadAction","target":["https:\/\/www.ruch.de\/fr\/entreprise\/sites\/"]}]},{"@type":"BreadcrumbList","@id":"https:\/\/www.ruch.de\/fr\/entreprise\/sites\/#breadcrumb","itemListElement":[{"@type":"ListItem","position":1,"name":"Home","item":"https:\/\/www.ruch.de\/fr\/"},{"@type":"ListItem","position":2,"name":"Entreprise","item":"https:\/\/www.ruch.de\/fr\/entreprise\/"},{"@type":"ListItem","position":3,"name":"Sites"}]},{"@type":"WebSite","@id":"https:\/\/www.ruch.de\/fr\/#website","url":"https:\/\/www.ruch.de\/fr\/","name":"www.ruch.de","description":"","publisher":{"@id":"https:\/\/www.ruch.de\/fr\/#organization"},"potentialAction":[{"@type":"SearchAction","target":{"@type":"EntryPoint","urlTemplate":"https:\/\/www.ruch.de\/fr\/?s={search_term_string}"},"query-input":{"@type":"PropertyValueSpecification","valueRequired":true,"valueName":"search_term_string"}}],"inLanguage":"fr-FR"},{"@type":"Organization","@id":"https:\/\/www.ruch.de\/fr\/#organization","name":"RUCH NOVAPLAST GmbH","url":"https:\/\/www.ruch.de\/fr\/","logo":{"@type":"ImageObject","inLanguage":"fr-FR","@id":"https:\/\/www.ruch.de\/fr\/#\/schema\/logo\/image\/","url":"https:\/\/www.ruch.de\/wp-content\/uploads\/2024\/11\/ruch-novaplast-logo-black.svg","contentUrl":"https:\/\/www.ruch.de\/wp-content\/uploads\/2024\/11\/ruch-novaplast-logo-black.svg","width":1802,"height":338,"caption":"RUCH NOVAPLAST GmbH"},"image":{"@id":"https:\/\/www.ruch.de\/fr\/#\/schema\/logo\/image\/"},"sameAs":["https:\/\/www.facebook.com\/ruchnovaplast","https:\/\/www.instagram.com\/ruchnovaplast\/","https:\/\/www.linkedin.com\/company\/ruch-novaplast-gmbh"]}]}},"_links":{"self":[{"href":"https:\/\/www.ruch.de\/fr\/wp-json\/wp\/v2\/pages\/2897","targetHints":{"allow":["GET"]}}],"collection":[{"href":"https:\/\/www.ruch.de\/fr\/wp-json\/wp\/v2\/pages"}],"about":[{"href":"https:\/\/www.ruch.de\/fr\/wp-json\/wp\/v2\/types\/page"}],"author":[{"embeddable":true,"href":"https:\/\/www.ruch.de\/fr\/wp-json\/wp\/v2\/users\/1"}],"replies":[{"embeddable":true,"href":"https:\/\/www.ruch.de\/fr\/wp-json\/wp\/v2\/comments?post=2897"}],"version-history":[{"count":3,"href":"https:\/\/www.ruch.de\/fr\/wp-json\/wp\/v2\/pages\/2897\/revisions"}],"predecessor-version":[{"id":8470,"href":"https:\/\/www.ruch.de\/fr\/wp-json\/wp\/v2\/pages\/2897\/revisions\/8470"}],"up":[{"embeddable":true,"href":"https:\/\/www.ruch.de\/fr\/wp-json\/wp\/v2\/pages\/2751"}],"wp:featuredmedia":[{"embeddable":true,"href":"https:\/\/www.ruch.de\/fr\/wp-json\/"}],"wp:attachment":[{"href":"https:\/\/www.ruch.de\/fr\/wp-json\/wp\/v2\/media?parent=2897"}],"curies":[{"name":"wp","href":"https:\/\/api.w.org\/{rel}","templated":true}]}}