{"id":2779,"date":"2024-11-13T15:22:23","date_gmt":"2024-11-13T14:22:23","guid":{"rendered":"https:\/\/www.ruch.de\/societe\/reseau\/"},"modified":"2026-02-02T11:50:15","modified_gmt":"2026-02-02T10:50:15","slug":"reseau","status":"publish","type":"page","link":"https:\/\/www.ruch.de\/fr\/entreprise\/reseau\/","title":{"rendered":"R\u00e9seau"},"content":{"rendered":"<div class=\"wpb-content-wrapper\"><p>[vc_row][vc_column]\n<div class=\"spacer spacer--large\" style=\"height:60px\"><\/div>\n<div class=\"spacer spacer--medium\" style=\"height:60px\"><\/div>\n<div class=\"spacer spacer--small\" style=\"height:60px\"><\/div>\n[vc_row_inner][vc_column_inner][vc_column_text css=\u00a0\u00bb\u00a0\u00bb]<\/p>\n<h1>Notre r\u00e9seau : l&rsquo;union fait la force<\/h1>\n<p>[\/vc_column_text][\/vc_column_inner][\/vc_row_inner][vc_row_inner][vc_column_inner width=\u00a0\u00bb1\/2&Prime;][vc_column_text css=\u00a0\u00bb\u00a0\u00bb]Notre solide r\u00e9seau de partenaires est la base de notre succ\u00e8s et de notre progr\u00e8s. Gr\u00e2ce \u00e0 des liens de longue date avec des entreprises, des institutions et des experts, nous favorisons l&rsquo;\u00e9change de connaissances et d&rsquo;id\u00e9es. Ensemble, nous d\u00e9veloppons des solutions innovantes et les mettons en \u0153uvre avec succ\u00e8s &#8211; avec un objectif clair :[\/vc_column_text][\/vc_column_inner][vc_column_inner width=\u00a0\u00bb1\/2&Prime;][vc_column_text css=\u00a0\u00bb\u00a0\u00bb]plus d&rsquo;avantages et des produits encore meilleurs pour nos clients. D\u00e9couvrez les partenaires de notre r\u00e9seau dans diff\u00e9rents domaines.[\/vc_column_text][\/vc_column_inner][\/vc_row_inner][\/vc_column][\/vc_row][vc_row][vc_column][vc_column_text css_animation=\u00a0\u00bbfadeInLeft\u00a0\u00bb css=\u00a0\u00bb\u00a0\u00bb]<a class=\"a--jump\" href=\"#partenaire-recherche-et-developpement\">Partenaires de la recherche et du d\u00e9veloppement<\/a> <a class=\"a--jump\" href=\"#nos-comites-et-associations\">Nos comit\u00e9s et associations<\/a> <a class=\"a--jump\" href=\"#partenaire-de-la-region\">Partenaires de la r\u00e9gion<\/a> <a class=\"a--jump\" href=\"#partenaire-dans-le-secteur-des-ressources\">Partenaires dans le domaine des mati\u00e8res premi\u00e8res<\/a> <a class=\"a--jump\" href=\"#partenariats-de-formation\">Partenariats de formation<\/a>[\/vc_column_text][\/vc_column][\/vc_row][vc_row][vc_column]\n<div class=\"spacer spacer--large\" style=\"height:60px\"><\/div>\n<div class=\"spacer spacer--medium\" style=\"height:60px\"><\/div>\n<div class=\"spacer spacer--small\" style=\"height:60px\"><\/div>\n[\/vc_column][\/vc_row][vc_row full_width=\u00a0\u00bbstretch_row\u00a0\u00bb content_placement=\u00a0\u00bbmiddle\u00a0\u00bb css=\u00a0\u00bb.vc_custom_1731940199490{background-color: #F5F5F5 !important;}\u00a0\u00bb][vc_column]\n<div class=\"spacer spacer--large\" style=\"height:60px\"><\/div>\n<div class=\"spacer spacer--medium\" style=\"height:60px\"><\/div>\n<div class=\"spacer spacer--small\" style=\"height:60px\"><\/div>\n[\/vc_column][\/vc_row][vc_row full_width=\u00a0\u00bbstretch_row\u00a0\u00bb content_placement=\u00a0\u00bbmiddle\u00a0\u00bb css=\u00a0\u00bb.vc_custom_1731940199490{background-color: #F5F5F5 !important;}\u00a0\u00bb][vc_column width=\u00a0\u00bb6\/12&Prime;][vc_single_image image=\u00a0\u00bb2780&Prime; img_size=\u00a0\u00bbfull\u00a0\u00bb css=\u00a0\u00bb\u00a0\u00bb][\/vc_column][vc_column width=\u00a0\u00bb5\/12&Prime;][vc_column_text css=\u00a0\u00bb\u00a0\u00bb]<\/p>\n<h2>Notre engagement au sein du S\u00e9nat des entreprises<\/h2>\n<p>Depuis 2014, notre directeur g\u00e9n\u00e9ral Roland Zeifang est un membre actif du <a href=\"https:\/\/www.senat-deutschland.de\/\" target=\"_blank\" rel=\"noopener\">S\u00e9nat de l&rsquo;\u00e9conomie.<\/a> Il s&rsquo;agit d&rsquo;une communaut\u00e9 de valeurs qui se veut la voix des PME pour une \u00e9conomie de march\u00e9 \u00e9cologique et sociale. Le S\u00e9nat encourage la prise de conscience d&rsquo;une gestion d&rsquo;entreprise durable, \u00e9thique et responsable, dans l&rsquo;esprit de la Responsabilit\u00e9 sociale des entreprises (RSE).<\/p>\n<p>En tant que laboratoire d&rsquo;id\u00e9es et source d&rsquo;inspiration, le S\u00e9nat r\u00e9unit des experts disposant de connaissances et d&rsquo;une exp\u00e9rience exceptionnelles afin de d\u00e9velopper des solutions d&rsquo;avenir &#8211; toujours dans l&rsquo;int\u00e9r\u00eat g\u00e9n\u00e9ral. Ensemble, ils \u00e9laborent des propositions innovantes qui doivent inspirer et fa\u00e7onner durablement la politique et l&rsquo;\u00e9conomie.[\/vc_column_text][\/vc_column][vc_column width=\u00a0\u00bb1\/12&Prime;][\/vc_column][\/vc_row][vc_row full_width=\u00a0\u00bbstretch_row\u00a0\u00bb content_placement=\u00a0\u00bbmiddle\u00a0\u00bb css=\u00a0\u00bb.vc_custom_1731940199490{background-color: #F5F5F5 !important;}\u00a0\u00bb][vc_column]\n<div class=\"spacer spacer--large\" style=\"height:60px\"><\/div>\n<div class=\"spacer spacer--medium\" style=\"height:60px\"><\/div>\n<div class=\"spacer spacer--small\" style=\"height:60px\"><\/div>\n[\/vc_column][\/vc_row][vc_row el_id=\u00a0\u00bbpartenaire-recherche-et-developpement\u00a0\u00bb][vc_column]\n<div class=\"spacer spacer--large\" style=\"height:60px\"><\/div>\n<div class=\"spacer spacer--medium\" style=\"height:60px\"><\/div>\n<div class=\"spacer spacer--small\" style=\"height:60px\"><\/div>\n[\/vc_column][\/vc_row][vc_row][vc_column][vc_column_text css=\u00a0\u00bb\u00a0\u00bb]<\/p>\n<h2>Nos partenaires en recherche et d\u00e9veloppement<\/h2>\n<p>[\/vc_column_text][\/vc_column][\/vc_row][vc_row][vc_column width=\u00a0\u00bb1\/2&Prime;][vc_column_text css=\u00a0\u00bb\u00a0\u00bb]<\/p>\n<ul>\n<li><a href=\"https:\/\/www.ict.fraunhofer.de\/\" target=\"_blank\" rel=\"noopener\">Institut Fraunhofer pour la technologie chimique<\/a><\/li>\n<li><a href=\"https:\/\/www.hs-offenburg.de\/\" target=\"_blank\" rel=\"noopener\">Universit\u00e9 d&rsquo;Offenbourg<\/a><\/li>\n<\/ul>\n<p>[\/vc_column_text][\/vc_column][vc_column width=\u00a0\u00bb1\/2&Prime;][vc_column_text css=\u00a0\u00bb\u00a0\u00bb]<\/p>\n<ul>\n<li><a href=\"https:\/\/www.ilkdresden.de\/\" target=\"_blank\" rel=\"noopener\">Institut de construction l\u00e9g\u00e8re et de technologie des plastiques TU-Dresden<\/a><\/li>\n<li><a href=\"https:\/\/www.nmbgmbh.de\/\" target=\"_blank\" rel=\"noopener\">Neue Materialien Bayreuth GmbH<\/a><\/li>\n<\/ul>\n<p>[\/vc_column_text][\/vc_column][\/vc_row][vc_row el_id=\u00a0\u00bbnos-comites-et-associations\u00a0\u00bb][vc_column]\n<div class=\"spacer spacer--large\" style=\"height:100px\"><\/div>\n<div class=\"spacer spacer--medium\" style=\"height:100px\"><\/div>\n<div class=\"spacer spacer--small\" style=\"height:100px\"><\/div>\n[\/vc_column][\/vc_row][vc_row][vc_column][vc_column_text css=\u00a0\u00bb\u00a0\u00bb]<\/p>\n<h2>Organismes et associations dont nous sommes membres<\/h2>\n<p>[\/vc_column_text][\/vc_column][\/vc_row][vc_row][vc_column width=\u00a0\u00bb1\/2&Prime;][vc_column_text css=\u00a0\u00bb\u00a0\u00bb]<\/p>\n<ul>\n<li><a href=\"https:\/\/www.bdh-industrie.de\/\" target=\"_blank\" rel=\"noopener\">Association allemande de l&rsquo;industrie du chauffage<\/a><\/li>\n<li><a href=\"https:\/\/epp-forum.com\/\" target=\"_blank\" rel=\"noopener\">Forum EPP e.V.<\/a><\/li>\n<li><a href=\"https:\/\/www.fgk.de\/\" target=\"_blank\" rel=\"noopener\">Association professionnelle Geb\u00e4ude-Klima e.V.<\/a><\/li>\n<\/ul>\n<p>[\/vc_column_text][\/vc_column][vc_column width=\u00a0\u00bb1\/2&Prime;][vc_column_text css=\u00a0\u00bb\u00a0\u00bb]<\/p>\n<ul>\n<li><a href=\"https:\/\/nectanet.de\/\" target=\"_blank\" rel=\"noopener\">Nectranet GmbH, r\u00e9gion \u00e9conomique de l&rsquo;Ortenau<\/a><\/li>\n<li><a href=\"https:\/\/klimafreundlicher-mittelstand.de\/\" target=\"_blank\" rel=\"noopener\">Initiative de VEA pour les PME respectueuses du climat<\/a><\/li>\n<li><a href=\"https:\/\/www.wvib.de\/\" target=\"_blank\" rel=\"noopener\">Association \u00e9conomique des entreprises industrielles du pays de Bade<\/a><\/li>\n<\/ul>\n<p>[\/vc_column_text][\/vc_column][\/vc_row][vc_row el_id=\u00a0\u00bbpartenaire-de-la-region\u00a0\u00bb][vc_column]\n<div class=\"spacer spacer--large\" style=\"height:100px\"><\/div>\n<div class=\"spacer spacer--medium\" style=\"height:100px\"><\/div>\n<div class=\"spacer spacer--small\" style=\"height:100px\"><\/div>\n[\/vc_column][\/vc_row][vc_row][vc_column][vc_column_text css=\u00a0\u00bb\u00a0\u00bb]<\/p>\n<h2>Nos partenaires dans la r\u00e9gion<\/h2>\n<p>[\/vc_column_text][\/vc_column][\/vc_row][vc_row][vc_column width=\u00a0\u00bb1\/2&Prime;][vc_column_text css=\u00a0\u00bb\u00a0\u00bb]<\/p>\n<ul>\n<li><a href=\"https:\/\/www.oberkirch.de\/\" target=\"_blank\" rel=\"noopener\">Oberkirch<\/a><\/li>\n<\/ul>\n<p>[\/vc_column_text][\/vc_column][vc_column width=\u00a0\u00bb1\/2&Prime;][vc_column_text css=\u00a0\u00bb\u00a0\u00bb]<\/p>\n<ul>\n<li><a href=\"https:\/\/www.ortenaukreis.de\/\" target=\"_blank\" rel=\"noopener\">Ortenaukreis<\/a><\/li>\n<\/ul>\n<p>[\/vc_column_text][\/vc_column][\/vc_row][vc_row el_id=\u00a0\u00bbpartenaire-dans-le-secteur-des-ressources\u00a0\u00bb][vc_column]\n<div class=\"spacer spacer--large\" style=\"height:100px\"><\/div>\n<div class=\"spacer spacer--medium\" style=\"height:100px\"><\/div>\n<div class=\"spacer spacer--small\" style=\"height:100px\"><\/div>\n[\/vc_column][\/vc_row][vc_row][vc_column][vc_column_text css=\u00a0\u00bb\u00a0\u00bb]<\/p>\n<h2>Nos partenaires dans le domaine des mati\u00e8res premi\u00e8res<\/h2>\n<p>[\/vc_column_text][\/vc_column][\/vc_row][vc_row][vc_column width=\u00a0\u00bb1\/2&Prime;][vc_column_text css=\u00a0\u00bb\u00a0\u00bb]<\/p>\n<ul>\n<li><a href=\"https:\/\/www.basf.com\/global\/de\" target=\"_blank\" rel=\"noopener\">BASF SE<\/a><\/li>\n<li><a href=\"https:\/\/www.arpro.com\/de-de\" target=\"_blank\" rel=\"noopener\">JSP<\/a><\/li>\n<\/ul>\n<p>[\/vc_column_text][\/vc_column][vc_column width=\u00a0\u00bb1\/2&Prime;][vc_column_text css=\u00a0\u00bb\u00a0\u00bb]<\/p>\n<ul>\n<li><a href=\"https:\/\/www.kaneka.be\/\" target=\"_blank\" rel=\"noopener\">Kaneka<\/a><\/li>\n<\/ul>\n<p>[\/vc_column_text][\/vc_column][\/vc_row][vc_row el_id=\u00a0\u00bbpartenariats-de-formation\u00a0\u00bb][vc_column]\n<div class=\"spacer spacer--large\" style=\"height:100px\"><\/div>\n<div class=\"spacer spacer--medium\" style=\"height:100px\"><\/div>\n<div class=\"spacer spacer--small\" style=\"height:100px\"><\/div>\n[\/vc_column][\/vc_row][vc_row][vc_column][vc_column_text css=\u00a0\u00bb\u00a0\u00bb]<\/p>\n<h2>Nos partenariats de formation<\/h2>\n<p>[\/vc_column_text][\/vc_column][\/vc_row][vc_row][vc_column width=\u00a0\u00bb1\/2&Prime;][vc_column_text css=\u00a0\u00bb\u00a0\u00bb]<\/p>\n<ul>\n<li><a href=\"https:\/\/www.karlsruhe.dhbw.de\/startseite.html\" target=\"_blank\" rel=\"noopener\">Universit\u00e9 de formation en alternance du Bade-Wurtemberg Karlsruhe<\/a><\/li>\n<li><a href=\"https:\/\/dhbw-loerrach.de\/home\" target=\"_blank\" rel=\"noopener\">Universit\u00e9 de formation en alternance du Bade-Wurtemberg L\u00f6rrach<\/a><\/li>\n<li><a href=\"https:\/\/www.dhbw-stuttgart.de\/\" target=\"_blank\" rel=\"noopener\">Universit\u00e9 de formation en alternance du Bade-Wurtemberg Stuttgart<\/a><\/li>\n<li><a href=\"https:\/\/www.dhbw-vs.de\/\" target=\"_blank\" rel=\"noopener\">Universit\u00e9 de formation en alternance du Bade-Wurtemberg Villingen-Schwenningen<\/a><\/li>\n<\/ul>\n<p>[\/vc_column_text][\/vc_column][vc_column width=\u00a0\u00bb1\/2&Prime;][vc_column_text css=\u00a0\u00bb\u00a0\u00bb]<\/p>\n<ul>\n<li><a href=\"https:\/\/ags-oberkirch.de\/\" target=\"_blank\" rel=\"noopener\">\u00c9cole August Ganther d&rsquo;Oberkirch<\/a><\/li>\n<li><a href=\"https:\/\/www.doll.eu\/de\/\" target=\"_blank\" rel=\"noopener\">Doll Fahrzeugbau GmbH<\/a><\/li>\n<li><a href=\"https:\/\/www.linck.com\/de\/\" target=\"_blank\" rel=\"noopener\">Linck Holzverarbeitungstechnik GmbH (technique de transformation du bois)<\/a><\/li>\n<li><a href=\"https:\/\/resultance.de\" target=\"_blank\" rel=\"noopener\">Resultance GmbH<\/a><\/li>\n<\/ul>\n<p>[\/vc_column_text][\/vc_column][\/vc_row][vc_row][vc_column]\n<div class=\"spacer spacer--large\" style=\"height:60px\"><\/div>\n<div class=\"spacer spacer--medium\" style=\"height:60px\"><\/div>\n<div class=\"spacer spacer--small\" style=\"height:60px\"><\/div>\n[\/vc_column][\/vc_row][vc_row][vc_column]          <div class=\"teaser-container teaser-container--two-colum\">\n\n        \n    <div class=\"ruch-teaser-card bg--gray  wpb_animate_when_almost_visible wpb_fadeInLeft fadeInLeft\">\n        <div class=\"teaser-card-content\">\n          <h3>Actualit\u00e9s<\/h3>\n<p>Restez \u00e0 l&rsquo;aff\u00fbt des derni\u00e8res nouvelles : D\u00e9couvrez les derniers d\u00e9veloppements, les innovations, les projets passionnants et les nouveaux partenaires de notre r\u00e9seau. Sur notre page d&rsquo;actualit\u00e9s, vous trouverez les derni\u00e8res nouvelles et des informations int\u00e9ressantes sur notre entreprise.<\/p>\n        <\/div>\n                <div class=\"teaser-card-button\">\n          <a href=\"https:\/\/www.ruch.de\/fr\/actualites\/\" title=\"Voir nos actualit\u00e9s\" target=\"_self\" class=\"a--jump\">\n              Voir nos actualit\u00e9s          <\/a>\n        <\/div>\n            <\/div>\n\n  \n    <div class=\"ruch-teaser-card bg--blue  wpb_animate_when_almost_visible wpb_fadeInRight fadeInRight\">\n        <div class=\"teaser-card-content\">\n          <h3>Contact<\/h3>\n<p>Vous souhaitez faire partie de notre r\u00e9seau ou vous avez une question \u00e0 ce sujet ? Nous sommes \u00e0 votre disposition &#8211; n&rsquo;h\u00e9sitez pas \u00e0 nous contacter. Nous nous r\u00e9jouissons de votre demande !<\/p>\n        <\/div>\n                <div class=\"teaser-card-button\">\n          <a href=\"https:\/\/www.ruch.de\/fr\/contact\/\" title=\"Vers le contact\" target=\"_self\" class=\"a--jump\">\n              Vers le contact          <\/a>\n        <\/div>\n            <\/div>\n      <\/div>\n    [\/vc_column][\/vc_row][vc_row][vc_column]\n<div class=\"spacer spacer--large\" style=\"height:60px\"><\/div>\n<div class=\"spacer spacer--medium\" style=\"height:60px\"><\/div>\n<div class=\"spacer spacer--small\" style=\"height:60px\"><\/div>\n[\/vc_column][\/vc_row][vc_row][vc_column]\n    <div class=\"ruch-blogteaser \">\n        <div class=\"wysiwyg\">\n                    <\/div>\n            <\/div>\n\n    [\/vc_column][\/vc_row]<\/p>\n<\/div>","protected":false},"excerpt":{"rendered":"<p>[vc_row][vc_column][vc_row_inner][vc_column_inner][vc_column_text css=\u00a0\u00bb\u00a0\u00bb] Notre r\u00e9seau : l&rsquo;union fait la force [\/vc_column_text][\/vc_column_inner][\/vc_row_inner][vc_row_inner][vc_column_inner width=\u00a0\u00bb1\/2&Prime;][vc_column_text css=\u00a0\u00bb\u00a0\u00bb]Notre solide r\u00e9seau de partenaires est la base de notre succ\u00e8s et de notre progr\u00e8s.<span class=\"excerpt-hellip\"> [\u2026]<\/span><\/p>\n","protected":false},"author":1,"featured_media":-1,"parent":2751,"menu_order":0,"comment_status":"closed","ping_status":"closed","template":"","meta":{"_acf_changed":false,"footnotes":""},"class_list":["post-2779","page","type-page","status-publish","has-post-thumbnail","hentry"],"acf":[],"yoast_head":"<!-- This site is optimized with the Yoast SEO plugin v27.3 - https:\/\/yoast.com\/product\/yoast-seo-wordpress\/ -->\n<title>Notre r\u00e9seau | RUCH NOVAPLAST GmbH<\/title>\n<meta name=\"description\" content=\"Notre solide r\u00e9seau de partenaires est la base de notre succ\u00e8s et de nos progr\u00e8s. Obtenez un aper\u00e7u de nos partenaires de r\u00e9seau.\" \/>\n<meta name=\"robots\" content=\"index, follow, max-snippet:-1, max-image-preview:large, max-video-preview:-1\" \/>\n<link rel=\"canonical\" href=\"https:\/\/www.ruch.de\/fr\/entreprise\/reseau\/\" \/>\n<meta property=\"og:locale\" content=\"fr_FR\" \/>\n<meta property=\"og:type\" content=\"article\" \/>\n<meta property=\"og:title\" content=\"Notre r\u00e9seau | RUCH NOVAPLAST GmbH\" \/>\n<meta property=\"og:description\" content=\"Notre solide r\u00e9seau de partenaires est la base de notre succ\u00e8s et de nos progr\u00e8s. Obtenez un aper\u00e7u de nos partenaires de r\u00e9seau.\" \/>\n<meta property=\"og:url\" content=\"https:\/\/www.ruch.de\/fr\/entreprise\/reseau\/\" \/>\n<meta property=\"og:site_name\" content=\"RUCH NOVAPLAST\" \/>\n<meta property=\"article:publisher\" content=\"https:\/\/www.facebook.com\/ruchnovaplast\" \/>\n<meta property=\"article:modified_time\" content=\"2026-02-02T10:50:15+00:00\" \/>\n<meta name=\"twitter:card\" content=\"summary_large_image\" \/>\n<meta name=\"twitter:label1\" content=\"Dur\u00e9e de lecture estim\u00e9e\" \/>\n\t<meta name=\"twitter:data1\" content=\"4 minutes\" \/>\n<script type=\"application\/ld+json\" class=\"yoast-schema-graph\">{\"@context\":\"https:\\\/\\\/schema.org\",\"@graph\":[{\"@type\":\"WebPage\",\"@id\":\"https:\\\/\\\/www.ruch.de\\\/fr\\\/entreprise\\\/reseau\\\/\",\"url\":\"https:\\\/\\\/www.ruch.de\\\/fr\\\/entreprise\\\/reseau\\\/\",\"name\":\"Notre r\u00e9seau | RUCH NOVAPLAST GmbH\",\"isPartOf\":{\"@id\":\"https:\\\/\\\/www.ruch.de\\\/fr\\\/#website\"},\"datePublished\":\"2024-11-13T14:22:23+00:00\",\"dateModified\":\"2026-02-02T10:50:15+00:00\",\"description\":\"Notre solide r\u00e9seau de partenaires est la base de notre succ\u00e8s et de nos progr\u00e8s. Obtenez un aper\u00e7u de nos partenaires de r\u00e9seau.\",\"breadcrumb\":{\"@id\":\"https:\\\/\\\/www.ruch.de\\\/fr\\\/entreprise\\\/reseau\\\/#breadcrumb\"},\"inLanguage\":\"fr-FR\",\"potentialAction\":[{\"@type\":\"ReadAction\",\"target\":[\"https:\\\/\\\/www.ruch.de\\\/fr\\\/entreprise\\\/reseau\\\/\"]}]},{\"@type\":\"BreadcrumbList\",\"@id\":\"https:\\\/\\\/www.ruch.de\\\/fr\\\/entreprise\\\/reseau\\\/#breadcrumb\",\"itemListElement\":[{\"@type\":\"ListItem\",\"position\":1,\"name\":\"Home\",\"item\":\"https:\\\/\\\/www.ruch.de\\\/fr\\\/\"},{\"@type\":\"ListItem\",\"position\":2,\"name\":\"Entreprise\",\"item\":\"https:\\\/\\\/www.ruch.de\\\/fr\\\/entreprise\\\/\"},{\"@type\":\"ListItem\",\"position\":3,\"name\":\"R\u00e9seau\"}]},{\"@type\":\"WebSite\",\"@id\":\"https:\\\/\\\/www.ruch.de\\\/fr\\\/#website\",\"url\":\"https:\\\/\\\/www.ruch.de\\\/fr\\\/\",\"name\":\"www.ruch.de\",\"description\":\"\",\"publisher\":{\"@id\":\"https:\\\/\\\/www.ruch.de\\\/fr\\\/#organization\"},\"potentialAction\":[{\"@type\":\"SearchAction\",\"target\":{\"@type\":\"EntryPoint\",\"urlTemplate\":\"https:\\\/\\\/www.ruch.de\\\/fr\\\/?s={search_term_string}\"},\"query-input\":{\"@type\":\"PropertyValueSpecification\",\"valueRequired\":true,\"valueName\":\"search_term_string\"}}],\"inLanguage\":\"fr-FR\"},{\"@type\":\"Organization\",\"@id\":\"https:\\\/\\\/www.ruch.de\\\/fr\\\/#organization\",\"name\":\"RUCH NOVAPLAST GmbH\",\"url\":\"https:\\\/\\\/www.ruch.de\\\/fr\\\/\",\"logo\":{\"@type\":\"ImageObject\",\"inLanguage\":\"fr-FR\",\"@id\":\"https:\\\/\\\/www.ruch.de\\\/fr\\\/#\\\/schema\\\/logo\\\/image\\\/\",\"url\":\"https:\\\/\\\/www.ruch.de\\\/wp-content\\\/uploads\\\/2024\\\/11\\\/ruch-novaplast-logo-black.svg\",\"contentUrl\":\"https:\\\/\\\/www.ruch.de\\\/wp-content\\\/uploads\\\/2024\\\/11\\\/ruch-novaplast-logo-black.svg\",\"width\":1802,\"height\":338,\"caption\":\"RUCH NOVAPLAST GmbH\"},\"image\":{\"@id\":\"https:\\\/\\\/www.ruch.de\\\/fr\\\/#\\\/schema\\\/logo\\\/image\\\/\"},\"sameAs\":[\"https:\\\/\\\/www.facebook.com\\\/ruchnovaplast\",\"https:\\\/\\\/www.instagram.com\\\/ruchnovaplast\\\/\",\"https:\\\/\\\/www.linkedin.com\\\/company\\\/ruch-novaplast-gmbh\"]}]}<\/script>\n<!-- \/ Yoast SEO plugin. -->","yoast_head_json":{"title":"Notre r\u00e9seau | RUCH NOVAPLAST GmbH","description":"Notre solide r\u00e9seau de partenaires est la base de notre succ\u00e8s et de nos progr\u00e8s. Obtenez un aper\u00e7u de nos partenaires de r\u00e9seau.","robots":{"index":"index","follow":"follow","max-snippet":"max-snippet:-1","max-image-preview":"max-image-preview:large","max-video-preview":"max-video-preview:-1"},"canonical":"https:\/\/www.ruch.de\/fr\/entreprise\/reseau\/","og_locale":"fr_FR","og_type":"article","og_title":"Notre r\u00e9seau | RUCH NOVAPLAST GmbH","og_description":"Notre solide r\u00e9seau de partenaires est la base de notre succ\u00e8s et de nos progr\u00e8s. Obtenez un aper\u00e7u de nos partenaires de r\u00e9seau.","og_url":"https:\/\/www.ruch.de\/fr\/entreprise\/reseau\/","og_site_name":"RUCH NOVAPLAST","article_publisher":"https:\/\/www.facebook.com\/ruchnovaplast","article_modified_time":"2026-02-02T10:50:15+00:00","twitter_card":"summary_large_image","twitter_misc":{"Dur\u00e9e de lecture estim\u00e9e":"4 minutes"},"schema":{"@context":"https:\/\/schema.org","@graph":[{"@type":"WebPage","@id":"https:\/\/www.ruch.de\/fr\/entreprise\/reseau\/","url":"https:\/\/www.ruch.de\/fr\/entreprise\/reseau\/","name":"Notre r\u00e9seau | RUCH NOVAPLAST GmbH","isPartOf":{"@id":"https:\/\/www.ruch.de\/fr\/#website"},"datePublished":"2024-11-13T14:22:23+00:00","dateModified":"2026-02-02T10:50:15+00:00","description":"Notre solide r\u00e9seau de partenaires est la base de notre succ\u00e8s et de nos progr\u00e8s. Obtenez un aper\u00e7u de nos partenaires de r\u00e9seau.","breadcrumb":{"@id":"https:\/\/www.ruch.de\/fr\/entreprise\/reseau\/#breadcrumb"},"inLanguage":"fr-FR","potentialAction":[{"@type":"ReadAction","target":["https:\/\/www.ruch.de\/fr\/entreprise\/reseau\/"]}]},{"@type":"BreadcrumbList","@id":"https:\/\/www.ruch.de\/fr\/entreprise\/reseau\/#breadcrumb","itemListElement":[{"@type":"ListItem","position":1,"name":"Home","item":"https:\/\/www.ruch.de\/fr\/"},{"@type":"ListItem","position":2,"name":"Entreprise","item":"https:\/\/www.ruch.de\/fr\/entreprise\/"},{"@type":"ListItem","position":3,"name":"R\u00e9seau"}]},{"@type":"WebSite","@id":"https:\/\/www.ruch.de\/fr\/#website","url":"https:\/\/www.ruch.de\/fr\/","name":"www.ruch.de","description":"","publisher":{"@id":"https:\/\/www.ruch.de\/fr\/#organization"},"potentialAction":[{"@type":"SearchAction","target":{"@type":"EntryPoint","urlTemplate":"https:\/\/www.ruch.de\/fr\/?s={search_term_string}"},"query-input":{"@type":"PropertyValueSpecification","valueRequired":true,"valueName":"search_term_string"}}],"inLanguage":"fr-FR"},{"@type":"Organization","@id":"https:\/\/www.ruch.de\/fr\/#organization","name":"RUCH NOVAPLAST GmbH","url":"https:\/\/www.ruch.de\/fr\/","logo":{"@type":"ImageObject","inLanguage":"fr-FR","@id":"https:\/\/www.ruch.de\/fr\/#\/schema\/logo\/image\/","url":"https:\/\/www.ruch.de\/wp-content\/uploads\/2024\/11\/ruch-novaplast-logo-black.svg","contentUrl":"https:\/\/www.ruch.de\/wp-content\/uploads\/2024\/11\/ruch-novaplast-logo-black.svg","width":1802,"height":338,"caption":"RUCH NOVAPLAST GmbH"},"image":{"@id":"https:\/\/www.ruch.de\/fr\/#\/schema\/logo\/image\/"},"sameAs":["https:\/\/www.facebook.com\/ruchnovaplast","https:\/\/www.instagram.com\/ruchnovaplast\/","https:\/\/www.linkedin.com\/company\/ruch-novaplast-gmbh"]}]}},"_links":{"self":[{"href":"https:\/\/www.ruch.de\/fr\/wp-json\/wp\/v2\/pages\/2779","targetHints":{"allow":["GET"]}}],"collection":[{"href":"https:\/\/www.ruch.de\/fr\/wp-json\/wp\/v2\/pages"}],"about":[{"href":"https:\/\/www.ruch.de\/fr\/wp-json\/wp\/v2\/types\/page"}],"author":[{"embeddable":true,"href":"https:\/\/www.ruch.de\/fr\/wp-json\/wp\/v2\/users\/1"}],"replies":[{"embeddable":true,"href":"https:\/\/www.ruch.de\/fr\/wp-json\/wp\/v2\/comments?post=2779"}],"version-history":[{"count":1,"href":"https:\/\/www.ruch.de\/fr\/wp-json\/wp\/v2\/pages\/2779\/revisions"}],"predecessor-version":[{"id":7709,"href":"https:\/\/www.ruch.de\/fr\/wp-json\/wp\/v2\/pages\/2779\/revisions\/7709"}],"up":[{"embeddable":true,"href":"https:\/\/www.ruch.de\/fr\/wp-json\/wp\/v2\/pages\/2751"}],"wp:featuredmedia":[{"embeddable":true,"href":"https:\/\/www.ruch.de\/fr\/wp-json\/"}],"wp:attachment":[{"href":"https:\/\/www.ruch.de\/fr\/wp-json\/wp\/v2\/media?parent=2779"}],"curies":[{"name":"wp","href":"https:\/\/api.w.org\/{rel}","templated":true}]}}