{"id":2649,"date":"2024-11-11T11:39:12","date_gmt":"2024-11-11T10:39:12","guid":{"rendered":"https:\/\/www.ruch.de\/carriere\/"},"modified":"2026-02-02T11:36:31","modified_gmt":"2026-02-02T10:36:31","slug":"carrieres","status":"publish","type":"page","link":"https:\/\/www.ruch.de\/fr\/carrieres\/","title":{"rendered":"Carri\u00e8res"},"content":{"rendered":"<div class=\"wpb-content-wrapper\"><p>[vc_row][vc_column]\n<div class=\"spacer spacer--large\" style=\"height:100px\"><\/div>\n<div class=\"spacer spacer--medium\" style=\"height:60px\"><\/div>\n<div class=\"spacer spacer--small\" style=\"height:60px\"><\/div>\n[vc_row_inner][vc_column_inner][vc_column_text css=\u00a0\u00bb\u00a0\u00bb]<\/p>\n<h1>Formez votre carri\u00e8re chez RUCH NOVAPLAST<\/h1>\n<p>[\/vc_column_text][\/vc_column_inner][\/vc_row_inner][vc_row_inner][vc_column_inner width=\u00a0\u00bb1\/2&Prime;][vc_column_text css=\u00a0\u00bb\u00a0\u00bb]Ce qui compte, ce sont les gens. Ce qui compte, c&rsquo;est vous. Chez RUCH NOVAPLAST, leader dans la fabrication de pi\u00e8ces moul\u00e9es et de syst\u00e8mes de bo\u00eetiers \u00e0 partir de solutions de mousse de particules innovantes et durables, nos collaborateurs sont au c\u0153ur de notre succ\u00e8s. En tant qu&rsquo;entreprise familiale, leur bien-\u00eatre nous tient particuli\u00e8rement \u00e0 c\u0153ur &#8211; c&rsquo;est pourquoi nous cr\u00e9ons un environnement de travail qui n&rsquo;est pas seulement marqu\u00e9 par le savoir-faire, mais aussi par l&rsquo;estime et la coh\u00e9sion.<\/p>\n<p>Que vous soyez un professionnel exp\u00e9riment\u00e9 \u00e0 la recherche de nouveaux d\u00e9fis ou que vous souhaitiez acqu\u00e9rir une exp\u00e9rience pr\u00e9cieuse dans le monde des mousses \u00e0 particules au cours d&rsquo;une formation, d&rsquo;\u00e9tudes ou d&rsquo;un stage, vous \u00eates au bon endroit.[\/vc_column_text][\/vc_column_inner][vc_column_inner width=\u00a0\u00bb1\/2&Prime;][vc_column_text css=\u00a0\u00bb\u00a0\u00bb]Sur notre site principal d&rsquo;Oberkirch, nous vous proposons non seulement des offres d&#8217;emploi passionnantes, mais aussi une multitude d&rsquo;avantages qui enrichiront votre travail au quotidien. De nombreuses possibilit\u00e9s d&rsquo;\u00e9volution, un programme complet de sant\u00e9 et de fitness ainsi qu&rsquo;une aide \u00e0 la pr\u00e9voyance vieillesse ne sont que quelques-uns des avantages qui vous attendent chez nous. Faites partie de RUCH NOVAPLAST. Postulez d\u00e8s maintenant et contribuez \u00e0 d\u00e9velopper des solutions innovantes pour nos clients et un avenir plus durable ![\/vc_column_text][\/vc_column_inner][\/vc_row_inner][\/vc_column][\/vc_row][vc_row disable_element=\u00a0\u00bbyes\u00a0\u00bb][vc_column][vc_column_text css_animation=\u00a0\u00bbfadeInLeft\u00a0\u00bb css=\u00a0\u00bb\u00a0\u00bb]<a class=\"a--jump\" href=\"#alle-stellenanzeigen\">Toutes les offres d&#8217;emploi<\/a> <a class=\"a--jump\" href=\"#unsere-benefits-fuer-fachkraefte\">Nos avantages pour les professionnels<\/a> <a class=\"a--jump\" href=\"#ausbildung-studium-und-praktikum\">Apprentissage, \u00e9tudes et stages<\/a> <a class=\"a--jump\" href=\"#unsere-benefits-fuer-azubis-studierende-praktikantinnen-und-praktikanten\">Nos avantages pour les apprentis, les \u00e9tudiants et les stagiaires<\/a> <a class=\"a--jump\" href=\"#arbeiten-in-oberkirch\">Travailler \u00e0 Oberkirch<\/a> <a class=\"a--jump\" href=\"#ihr-kontakt-zu-uns\">Votre contact avec nous<\/a>[\/vc_column_text][\/vc_column][\/vc_row][vc_row][vc_column]\n<div class=\"spacer spacer--large\" style=\"height:60px\"><\/div>\n<div class=\"spacer spacer--medium\" style=\"height:60px\"><\/div>\n<div class=\"spacer spacer--small\" style=\"height:60px\"><\/div>\n[\/vc_column][\/vc_row][vc_row full_width=\u00a0\u00bbstretch_row\u00a0\u00bb css=\u00a0\u00bb.vc_custom_1734614975528{background-color: #F5F5F5 !important;}\u00a0\u00bb el_id=\u00a0\u00bbtoutes les annonces d&#8217;emploi\u00a0\u00bb][vc_column]\n<div class=\"spacer spacer--large\" style=\"height:50px\"><\/div>\n<div class=\"spacer spacer--medium\" style=\"height:50px\"><\/div>\n<div class=\"spacer spacer--small\" style=\"height:50px\"><\/div>\n[\/vc_column][\/vc_row][vc_row full_width=\u00a0\u00bbstretch_row\u00a0\u00bb css=\u00a0\u00bb.vc_custom_1737564891917{background-color: #F5F5F5 !important;}\u00a0\u00bb][vc_column width=\u00a0\u00bb1\/2&Prime;][vc_column_text css=\u00a0\u00bb\u00a0\u00bb]<\/p>\n<h2>Nos postes vacants<\/h2>\n<p>Vous souhaitez participer activement \u00e0 la construction de l&rsquo;avenir de notre entreprise ? Consultez nos offres d&#8217;emploi en un clin d&rsquo;\u0153il. Vous trouvez quelque chose ? C&rsquo;est parfait ! Nous attendons avec impatience votre candidature.[\/vc_column_text]  <a class=\"btn-custom1\" href=\"https:\/\/ruch.softgarden.io\/de\/vacancies?_ga=2.196664556.193304492.1513676076-594747709.1510657403\" target=\"_blank\" title=\"Offres d&#039;emploi actuelles\">Offres d'emploi actuelles<\/a>[\/vc_column][vc_column width=\u00a0\u00bb1\/2&Prime;][\/vc_column][\/vc_row][vc_row full_width=\u00a0\u00bbstretch_row\u00a0\u00bb css=\u00a0\u00bb.vc_custom_1731417422728{background-color: #F5F5F5 !important;}\u00a0\u00bb][vc_column]\n<div class=\"spacer spacer--large\" style=\"height:50px\"><\/div>\n<div class=\"spacer spacer--medium\" style=\"height:50px\"><\/div>\n<div class=\"spacer spacer--small\" style=\"height:50px\"><\/div>\n[\/vc_column][\/vc_row][vc_row full_width=\u00a0\u00bbstretch_row\u00a0\u00bb equal_height=\u00a0\u00bbyes\u00a0\u00bb content_placement=\u00a0\u00bbmiddle\u00a0\u00bb el_class=\u00a0\u00bbimage-text-grid\u00a0\u00bb css=\u00a0\u00bb.vc_custom_1731417894031{background-color: #F5F5F5 !important;}\u00a0\u00bb][vc_column width=\u00a0\u00bb1\/2&Prime; css=\u00a0\u00bb.vc_custom_1732634172038{background-color: #FFFFFF !important;}\u00a0\u00bb offset=\u00a0\u00bbvc_col-lg-4 vc_col-md-4 vc_col-xs-12&Prime;][vc_column_text css=\u00a0\u00bb\u00a0\u00bb]<\/p>\n<h3>Nous fa\u00e7onnons l&rsquo;avenir. Ensemble, avec vous.<\/h3>\n<p>[\/vc_column_text][\/vc_column][vc_column width=\u00a0\u00bb1\/2&Prime; offset=\u00a0\u00bbvc_col-lg-4 vc_col-md-4 vc_col-xs-12&Prime;][vc_single_image image=\u00a0\u00bb2650&Prime; img_size=\u00a0\u00bbfull\u00a0\u00bb css=\u00a0\u00bb\u00a0\u00bb][\/vc_column][vc_column width=\u00a0\u00bb1\/2&Prime; offset=\u00a0\u00bbvc_col-lg-4 vc_col-md-4 vc_col-xs-12&Prime;][vc_single_image image=\u00a0\u00bb2652&Prime; img_size=\u00a0\u00bbfull\u00a0\u00bb css=\u00a0\u00bb\u00a0\u00bb][\/vc_column][vc_column width=\u00a0\u00bb1\/2&Prime; offset=\u00a0\u00bbvc_col-lg-4 vc_col-md-4 vc_col-xs-12&Prime;][vc_single_image image=\u00a0\u00bb2653&Prime; img_size=\u00a0\u00bbfull\u00a0\u00bb css=\u00a0\u00bb\u00a0\u00bb][\/vc_column][vc_column width=\u00a0\u00bb1\/2&Prime; css=\u00a0\u00bb.vc_custom_1732634235211{background-color: #FFFFFF00 !important;}\u00a0\u00bb offset=\u00a0\u00bbvc_col-lg-4 vc_col-md-4 vc_col-xs-12&Prime;][vc_single_image image=\u00a0\u00bb2651&Prime; img_size=\u00a0\u00bbfull\u00a0\u00bb css=\u00a0\u00bb\u00a0\u00bb][\/vc_column][vc_column width=\u00a0\u00bb1\/2&Prime; css=\u00a0\u00bb.vc_custom_1732634205386{background-color: #FFFFFF !important;}\u00a0\u00bb offset=\u00a0\u00bbvc_col-lg-4 vc_col-md-4 vc_col-xs-12&Prime;][vc_column_text css=\u00a0\u00bb\u00a0\u00bb]Postulez rapidement et facilement en ligne ou envoyez-nous votre dossier par e-mail ou par courrier.[\/vc_column_text][\/vc_column][\/vc_row][vc_row full_width=\u00a0\u00bbstretch_row\u00a0\u00bb equal_height=\u00a0\u00bbyes\u00a0\u00bb content_placement=\u00a0\u00bbmiddle\u00a0\u00bb disable_element=\u00a0\u00bbyes\u00a0\u00bb el_class=\u00a0\u00bbimage-text-grid\u00a0\u00bb css=\u00a0\u00bb.vc_custom_1737564728101{background-color: #F5F5F5 !important;}\u00a0\u00bb][vc_column width=\u00a0\u00bb1\/2&Prime; css=\u00a0\u00bb.vc_custom_1732634172038{background-color: #FFFFFF !important;}\u00a0\u00bb offset=\u00a0\u00bbvc_col-lg-4 vc_col-md-4 vc_col-xs-12&Prime;][vc_column_text css=\u00a0\u00bb\u00a0\u00bb]<\/p>\n<h3>Nous fa\u00e7onnons l&rsquo;avenir. Ensemble, avec vous.<\/h3>\n<p>[\/vc_column_text][\/vc_column][vc_column width=\u00a0\u00bb1\/2&Prime; offset=\u00a0\u00bbvc_col-lg-4 vc_col-md-4 vc_col-xs-12&Prime;][vc_single_image image=\u00a0\u00bb2650&Prime; img_size=\u00a0\u00bbfull\u00a0\u00bb css=\u00a0\u00bb\u00a0\u00bb][\/vc_column][vc_column width=\u00a0\u00bb1\/2&Prime; offset=\u00a0\u00bbvc_col-lg-4 vc_col-md-4 vc_col-xs-12&Prime;][vc_single_image image=\u00a0\u00bb2652&Prime; img_size=\u00a0\u00bbfull\u00a0\u00bb css=\u00a0\u00bb\u00a0\u00bb][\/vc_column][vc_column width=\u00a0\u00bb1\/2&Prime; offset=\u00a0\u00bbvc_col-lg-4 vc_col-md-4 vc_col-xs-12&Prime;][vc_single_image image=\u00a0\u00bb2653&Prime; img_size=\u00a0\u00bbfull\u00a0\u00bb css=\u00a0\u00bb\u00a0\u00bb][\/vc_column][vc_column width=\u00a0\u00bb1\/2&Prime; css=\u00a0\u00bb.vc_custom_1732634235211{background-color: #FFFFFF00 !important;}\u00a0\u00bb offset=\u00a0\u00bbvc_col-lg-4 vc_col-md-4 vc_col-xs-12&Prime;][vc_single_image image=\u00a0\u00bb2651&Prime; img_size=\u00a0\u00bbfull\u00a0\u00bb css=\u00a0\u00bb\u00a0\u00bb][\/vc_column][vc_column width=\u00a0\u00bb1\/2&Prime; css=\u00a0\u00bb.vc_custom_1732634205386{background-color: #FFFFFF !important;}\u00a0\u00bb offset=\u00a0\u00bbvc_col-lg-4 vc_col-md-4 vc_col-xs-12&Prime;][vc_column_text css=\u00a0\u00bb\u00a0\u00bb]Postulez rapidement et facilement en ligne ou envoyez-nous votre dossier par e-mail ou par courrier.[\/vc_column_text]  <a class=\"btn-custom1\" href=\"https:\/\/ruch.softgarden.io\/de\/vacancies?_ga=2.196664556.193304492.1513676076-594747709.1510657403\" target=\"_blank\" title=\"Offres d&#039;emploi actuelles\">Offres d'emploi actuelles<\/a>[\/vc_column][\/vc_row][vc_row full_width=\u00a0\u00bbstretch_row\u00a0\u00bb css=\u00a0\u00bb.vc_custom_1731417422728{background-color: #F5F5F5 !important;}\u00a0\u00bb][vc_column]\n<div class=\"spacer spacer--large\" style=\"height:50px\"><\/div>\n<div class=\"spacer spacer--medium\" style=\"height:50px\"><\/div>\n<div class=\"spacer spacer--small\" style=\"height:50px\"><\/div>\n[\/vc_column][\/vc_row][vc_row el_id=\u00a0\u00bbnos-avantages-pour-les-professionnels\u00a0\u00bb][vc_column]\n<div class=\"spacer spacer--large\" style=\"height:60px\"><\/div>\n<div class=\"spacer spacer--medium\" style=\"height:60px\"><\/div>\n<div class=\"spacer spacer--small\" style=\"height:60px\"><\/div>\n[\/vc_column][\/vc_row][vc_row][vc_column][vc_column_text css=\u00a0\u00bb\u00a0\u00bb]<\/p>\n<h2>Nos avantages pour les professionnels<\/h2>\n<p>[\/vc_column_text][\/vc_column][\/vc_row][vc_row][vc_column width=\u00a0\u00bb1\/2&Prime;][vc_column_text css=\u00a0\u00bb\u00a0\u00bb]<\/p>\n<ul>\n<li>Saisie du temps de travail<\/li>\n<li>Travail mobile si l&rsquo;activit\u00e9 le permet<\/li>\n<li>De nombreuses possibilit\u00e9s de d\u00e9veloppement<\/li>\n<\/ul>\n<p>[\/vc_column_text][\/vc_column][vc_column width=\u00a0\u00bb1\/2&Prime;][vc_column_text css=\u00a0\u00bb\u00a0\u00bb]<\/p>\n<ul>\n<li>Acad\u00e9mie et promotion de la sant\u00e9<\/li>\n<li>Retraite et avantages sociaux<\/li>\n<li>Eau min\u00e9rale, caf\u00e9 et fruits gratuits<\/li>\n<\/ul>\n<p>[\/vc_column_text][\/vc_column][\/vc_row][vc_row el_id=\u00a0\u00bbformation-\u00e9tudes-et-stage\u00a0\u00bb][vc_column]\n<div class=\"spacer spacer--large\" style=\"height:100px\"><\/div>\n<div class=\"spacer spacer--medium\" style=\"height:100px\"><\/div>\n<div class=\"spacer spacer--small\" style=\"height:100px\"><\/div>\n\n<div class=\"spacer spacer--large\" style=\"height:60px\"><\/div>\n<div class=\"spacer spacer--medium\" style=\"height:60px\"><\/div>\n<div class=\"spacer spacer--small\" style=\"height:60px\"><\/div>\n[\/vc_column][\/vc_row][vc_row][vc_column width=\u00a0\u00bb1\/2&Prime;][vc_column_text css=\u00a0\u00bb\u00a0\u00bb]<\/p>\n<h2>Formation, \u00e9tudes et stages<\/h2>\n<p>Chez RUCH NOVAPLAST, nous proposons aux apprentis, aux \u00e9tudiants et aux stagiaires un programme de stage ou de formation vari\u00e9, avec un encadrement intensif par des formateurs exp\u00e9riment\u00e9s. Outre les processus pratiques, vous participez r\u00e9guli\u00e8rement \u00e0 des r\u00e9unions, des ateliers et des projets. Nous encourageons \u00e9galement les formations externes et internes et accordons une grande importance \u00e0 une atmosph\u00e8re d&rsquo;apprentissage positive. Notre objectif : int\u00e9grer des professionnels bien form\u00e9s et motiv\u00e9s dans notre \u00e9quipe apr\u00e8s leur stage, leur formation ou leurs \u00e9tudes. Faites partie de RUCH NOVAPLAST.[\/vc_column_text][\/vc_column][vc_column width=\u00a0\u00bb1\/2&Prime;][vc_tta_accordion title_tag=\u00a0\u00bbp\u00a0\u00bb section_title_tag=\u00a0\u00bbp\u00a0\u00bb style=\u00a0\u00bbflat\u00a0\u00bb shape=\u00a0\u00bbsquare\u00a0\u00bb color=\u00a0\u00bbblue\u00a0\u00bb active_section=\u00a0\u00bb-1&Prime; no_fill=\u00a0\u00bbtrue\u00a0\u00bb collapsible_all=\u00a0\u00bbtrue\u00a0\u00bb][vc_tta_section title=\u00a0\u00bbM\u00e9canicien industriel (h\/f)\u00a0\u00bb tab_id=\u00a0\u00bbindustriemechaniker\u00a0\u00bb][vc_column_text css=\u00a0\u00bb\u00a0\u00bb]Partout o\u00f9 il y a des machines, on a besoin de vous. Vous vous occupez du montage et du d\u00e9montage, de l&rsquo;entretien et des r\u00e9parations de tous les syst\u00e8mes m\u00e9caniques. Vous devez conna\u00eetre parfaitement non seulement les machines, mais aussi les outils et les mat\u00e9riaux, afin de pouvoir prendre les bonnes d\u00e9cisions de mani\u00e8re autonome dans les situations les plus diverses.<\/p>\n<p>La dur\u00e9e de la formation est de trois ans et demi.<\/p>\n<p><strong>Vous apportez<\/strong><\/p>\n<ul>\n<li>Un bon dipl\u00f4me scolaire<\/li>\n<li>Habilet\u00e9 manuelle<\/li>\n<li>Tr\u00e8s bonne compr\u00e9hension technique des processus m\u00e9caniques et physiques<\/li>\n<li>Repr\u00e9sentation spatiale<\/li>\n<li>Bonnes notes en math\u00e9matiques, physique et ing\u00e9nierie<\/li>\n<li>Tr\u00e8s bonne ma\u00eetrise de l&rsquo;allemand \u00e0 l&rsquo;oral et \u00e0 l&rsquo;\u00e9crit, ainsi que des connaissances en informatique.<\/li>\n<li>Sens des responsabilit\u00e9s, esprit d&rsquo;\u00e9quipe et souci de la qualit\u00e9<\/li>\n<\/ul>\n<p><strong>\u00c9cole \/ Th\u00e9orie<\/strong><\/p>\n<ul>\n<li>\u00c9coles professionnelles d&rsquo;Achern<\/li>\n<li>1 jour chaque semaine, et un jour suppl\u00e9mentaire toutes les deux semaines<\/li>\n<\/ul>\n<p><strong>Possibilit\u00e9s de formation continue<\/strong><\/p>\n<ul>\n<li>Technicien (h\/f)<\/li>\n<li>Gestionnaire technique (h\/f)<\/li>\n<li>Contrema\u00eetre industriel (h\/f)<\/li>\n<\/ul>\n<p><a class=\"a--jump\" href=\"https:\/\/ruch.softgarden.io\/de\/vacancies?_ga=2.196664556.193304492.1513676076-594747709.1510657403\" target=\"_blank\" rel=\"noopener\">D\u00e9marrer maintenant en tant que m\u00e9canicien industriel (h\/f)<\/a>[\/vc_column_text][\/vc_tta_section][vc_tta_section title=\u00a0\u00bbConducteur de machines et d&rsquo;installations (h\/f)\u00a0\u00bb tab_id=\u00a0\u00bbmaschinen-und-anlagenfuehrer\u00a0\u00bb][vc_column_text css=\u00a0\u00bb\u00a0\u00bb]Au cours de votre formation, vous apprendrez notamment \u00e0 pr\u00e9parer et \u00e0 r\u00e9gler les machines et installations de production, \u00e0 les mettre en service et \u00e0 les utiliser. Vous serez responsable du changement d&rsquo;\u00e9quipement, de la maintenance et de l&rsquo;entretien des machines et des installations. Vous apprendrez \u00e9galement \u00e0 conna\u00eetre le domaine de la maintenance. Vous prenez soin du parc de machines et si quelque chose se bloque, vous \u00e9liminez rapidement et soigneusement le d\u00e9faut afin que le flux de produits et de mat\u00e9riaux puisse reprendre rapidement.<\/p>\n<p>La dur\u00e9e de la formation est de deux ans.<\/p>\n<p><strong>Vous apportez<\/strong><\/p>\n<ul>\n<li>Un bon dipl\u00f4me scolaire<\/li>\n<li>Habilet\u00e9 manuelle<\/li>\n<li>Tr\u00e8s bonne compr\u00e9hension technique des processus m\u00e9caniques et physiques<\/li>\n<li>Bonnes notes en math\u00e9matiques, physique et ing\u00e9nierie<\/li>\n<li>Tr\u00e8s bonne ma\u00eetrise de l&rsquo;allemand \u00e0 l&rsquo;oral et \u00e0 l&rsquo;\u00e9crit, ainsi que des connaissances en informatique.<\/li>\n<li>Sens des responsabilit\u00e9s, esprit d&rsquo;\u00e9quipe et souci de la qualit\u00e9<\/li>\n<\/ul>\n<p><strong>\u00c9cole \/ Th\u00e9orie<\/strong><\/p>\n<ul>\n<li>\u00c9coles techniques et professionnelles d&rsquo;Offenburg<\/li>\n<li>1 jour chaque semaine, et un jour suppl\u00e9mentaire toutes les deux semaines<\/li>\n<\/ul>\n<p><strong>Possibilit\u00e9s de formation continue<\/strong><\/p>\n<ul>\n<li>M\u00e9canicien industriel (h\/f)<\/li>\n<li>M\u00e9canicien d&rsquo;outillage (h\/f)<\/li>\n<li>M\u00e9canicien de proc\u00e9d\u00e9 pour la technique des mati\u00e8res plastiques et du caoutchouc (h\/f)<\/li>\n<\/ul>\n<p><a class=\"a--jump\" href=\"https:\/\/ruch.softgarden.io\/de\/vacancies?_ga=2.196664556.193304492.1513676076-594747709.1510657403\" target=\"_blank\" rel=\"noopener\">D\u00e9marrez d\u00e8s maintenant en tant que conducteur de machines et d&rsquo;installations (h\/f)<\/a>[\/vc_column_text][\/vc_tta_section][vc_tta_section title=\u00a0\u00bbTechnologue en mati\u00e8res plastiques et caoutchouc (h\/f)\u00a0\u00bb tab_id=\u00a0\u00bbkunststoff-und-kautschuktechnologe\u00a0\u00bb][vc_column_text css=\u00a0\u00bb\u00a0\u00bb]Au cours de votre formation, vous apprendrez \u00e0 conna\u00eetre le processus de fabrication de nos pi\u00e8ces moul\u00e9es en plastique \u00e0 partir de mousses de particules comme l&rsquo;EPS, l&rsquo;EPP et les copolym\u00e8res. Vous acquerrez une connaissance approfondie des diff\u00e9rents mat\u00e9riaux et de leur traitement et apprendrez \u00e0 les utiliser de mani\u00e8re cibl\u00e9e et efficace. Apr\u00e8s votre formation, vous serez charg\u00e9 de pr\u00e9parer, d&rsquo;installer, d&rsquo;utiliser et de contr\u00f4ler les machines et de surveiller le processus de fabrication. Vous serez \u00e9galement responsable de l&rsquo;analyse et de la r\u00e9solution des probl\u00e8mes.<\/p>\n<p>La dur\u00e9e de la formation est de trois ans.<\/p>\n<p><strong>Vous apportez<\/strong><\/p>\n<ul>\n<li>Un bon dipl\u00f4me scolaire<\/li>\n<li>Habilet\u00e9 manuelle<\/li>\n<li>Tr\u00e8s bonne compr\u00e9hension technique des processus m\u00e9caniques et physiques<\/li>\n<li>Bonnes notes en chimie, physique et math\u00e9matiques<\/li>\n<li>Tr\u00e8s bonne ma\u00eetrise de l&rsquo;allemand \u00e0 l&rsquo;oral et \u00e0 l&rsquo;\u00e9crit, ainsi que des connaissances en informatique.<\/li>\n<li>Sens des responsabilit\u00e9s, esprit d&rsquo;\u00e9quipe et souci de la qualit\u00e9<\/li>\n<\/ul>\n<p><strong>\u00c9cole \/ Th\u00e9orie<\/strong><\/p>\n<ul>\n<li>Gewerbliche und Hauswirtschaftlich-Sozialpflegerische Schulen Emmendingen (\u00e9coles professionnelles et d&rsquo;\u00e9conomie familiale)<\/li>\n<li>Cours en bloc<\/li>\n<\/ul>\n<p><strong>Possibilit\u00e9s de formation continue<\/strong><\/p>\n<ul>\n<li>M\u00e9canicien industriel (h\/f)<\/li>\n<li>Technicien (h\/f)<\/li>\n<\/ul>\n<p><a class=\"a--jump\" href=\"https:\/\/ruch.softgarden.io\/de\/vacancies?_ga=2.196664556.193304492.1513676076-594747709.1510657403\" target=\"_blank\" rel=\"noopener\">D\u00e9marrer maintenant en tant que technologue en plastique et en caoutchouc (h\/f)<\/a>[\/vc_column_text][\/vc_tta_section][vc_tta_section title=\u00a0\u00bbM\u00e9catronicien (h\/f)\u00a0\u00bb tab_id=\u00a0\u00bbmechatroniker\u00a0\u00bb][vc_column_text css=\u00a0\u00bb\u00a0\u00bb]Au cours de votre formation, vous vous occupez de la cr\u00e9ation de commandes m\u00e9caniques, \u00e9lectroniques et pneumatiques ainsi que de leur encha\u00eenement. Vous d\u00e9veloppez, construisez et testez des commandes et installez des composants mat\u00e9riels et logiciels. Vous entretenez, contr\u00f4lez, programmez et utilisez des syst\u00e8mes m\u00e9catroniques.<\/p>\n<p>La dur\u00e9e de la formation est de trois ans et demi.<\/p>\n<p><strong>Vous apportez<\/strong><\/p>\n<ul>\n<li>Un bon dipl\u00f4me scolaire<\/li>\n<li>Int\u00e9r\u00eat pour les syst\u00e8mes m\u00e9cano-\u00e9lectroniques<\/li>\n<li>Habilet\u00e9 manuelle<\/li>\n<li>Bonnes notes en math\u00e9matiques, physique et ing\u00e9nierie<\/li>\n<li>Tr\u00e8s bonne ma\u00eetrise de l&rsquo;allemand \u00e0 l&rsquo;oral et \u00e0 l&rsquo;\u00e9crit, ainsi que des connaissances en informatique.<\/li>\n<li>Sens des responsabilit\u00e9s, esprit d&rsquo;\u00e9quipe et souci de la qualit\u00e9<\/li>\n<\/ul>\n<p><strong>\u00c9cole \/ Th\u00e9orie<\/strong><\/p>\n<ul>\n<li>\u00c9coles techniques et professionnelles d&rsquo;Offenburg<\/li>\n<li>1 jour chaque semaine, et un jour suppl\u00e9mentaire toutes les deux semaines<\/li>\n<\/ul>\n<p><strong>Possibilit\u00e9s de formation continue<\/strong><\/p>\n<ul>\n<li>Technicien, gestionnaire technique ou contrema\u00eetre de l&rsquo;industrie (m\/f) sp\u00e9cialis\u00e9 en \u00e9lectrotechnique ou en m\u00e9catronique<\/li>\n<li>Licence en m\u00e9catronique ou en g\u00e9nie m\u00e9canique (avec acc\u00e8s \u00e0 l&rsquo;enseignement sup\u00e9rieur)<\/li>\n<\/ul>\n<p><a class=\"a--jump\" href=\"https:\/\/ruch.softgarden.io\/de\/vacancies?_ga=2.196664556.193304492.1513676076-594747709.1510657403\" target=\"_blank\" rel=\"noopener\">D\u00e9marrez maintenant en tant que m\u00e9catronicien (h\/f)<\/a>[\/vc_column_text][\/vc_tta_section][vc_tta_section title=\u00a0\u00bbSp\u00e9cialiste en logistique d&rsquo;entreposage (h\/f)\u00a0\u00bb tab_id=\u00a0\u00bbfachkraft-fuer-lagerlogistik\u00a0\u00bb][vc_column_text css=\u00a0\u00bb\u00a0\u00bb]Au cours de votre formation, vous apprendrez \u00e0 conna\u00eetre l&rsquo;ensemble du processus logistique. Vous r\u00e9ceptionnez les marchandises, approvisionnez la production en mat\u00e9riaux n\u00e9cessaires et \u00eates responsable de l&rsquo;exp\u00e9dition de nos produits. En outre, vous \u00eates le sp\u00e9cialiste lorsqu&rsquo;il s&rsquo;agit de g\u00e9rer des stocks de mani\u00e8re professionnelle.<\/p>\n<p>La dur\u00e9e de la formation est de trois ans.<\/p>\n<p><strong>Vous apportez<\/strong><\/p>\n<ul>\n<li>Un bon dipl\u00f4me scolaire<\/li>\n<li>Bonne connaissance de l&rsquo;informatique<\/li>\n<li>Compr\u00e9hension commerciale<\/li>\n<li>Bonnes notes en math\u00e9matiques<\/li>\n<li>Tr\u00e8s bonne ma\u00eetrise de l&rsquo;allemand \u00e0 l&rsquo;oral et \u00e0 l&rsquo;\u00e9crit<\/li>\n<li>Sens des responsabilit\u00e9s, esprit d&rsquo;\u00e9quipe et souci de la qualit\u00e9<\/li>\n<\/ul>\n<p><strong>\u00c9cole \/ Th\u00e9orie<\/strong><\/p>\n<ul>\n<li>\u00c9coles professionnelles de Kehl<\/li>\n<li>1 jour chaque semaine, et un jour suppl\u00e9mentaire toutes les deux semaines<\/li>\n<\/ul>\n<p><strong>Possibilit\u00e9s de formation continue<\/strong><\/p>\n<ul>\n<li>Sp\u00e9cialisation en tant que conseiller pour les marchandises dangereuses (h\/f)<\/li>\n<li>Ma\u00eetre en logistique (h\/f)<\/li>\n<\/ul>\n<p><a class=\"a--jump\" href=\"https:\/\/ruch.softgarden.io\/de\/vacancies?_ga=2.196664556.193304492.1513676076-594747709.1510657403\" target=\"_blank\" rel=\"noopener\">D\u00e9marrer maintenant en tant que sp\u00e9cialiste de la logistique d&rsquo;entreposage (h\/f)<\/a>[\/vc_column_text][\/vc_tta_section][vc_tta_section title=\u00a0\u00bbCommercial industriel (h\/f)\u00a0\u00bb tab_id=\u00a0\u00bbindustriekaufmann\u00a0\u00bb][vc_column_text css=\u00a0\u00bb\u00a0\u00bb]Ils planifient, organisent, calculent, pr\u00e9sentent, commandent, surveillent, facturent, etc. &#8211; la diversit\u00e9 des t\u00e2ches fait tout l&rsquo;int\u00e9r\u00eat du m\u00e9tier. Les agents commerciaux de l&rsquo;industrie s&rsquo;occupent de toutes les questions commerciales qui se posent dans les diff\u00e9rents secteurs de l&rsquo;entreprise.<\/p>\n<p>La dur\u00e9e de la formation est de trois ans.<\/p>\n<p><strong>Vous apportez<\/strong><\/p>\n<ul>\n<li>Un bon dipl\u00f4me scolaire<\/li>\n<li>Bonnes notes en allemand, math\u00e9matiques et anglais<\/li>\n<li>Aimer utiliser l&rsquo;ordinateur et avoir un esprit logique<\/li>\n<li>Tr\u00e8s bonne ma\u00eetrise de l&rsquo;allemand \u00e0 l&rsquo;oral et \u00e0 l&rsquo;\u00e9crit, ainsi que des connaissances en informatique.<\/li>\n<li>Sens des responsabilit\u00e9s, esprit d&rsquo;\u00e9quipe, souci de la qualit\u00e9 et fiabilit\u00e9<\/li>\n<\/ul>\n<p><strong>\u00c9cole \/ Th\u00e9orie<\/strong><\/p>\n<ul>\n<li>\u00c9coles professionnelles d&rsquo;Achern<\/li>\n<li>1,5 jour par semaine<\/li>\n<\/ul>\n<p><strong>Possibilit\u00e9s de formation continue<\/strong><\/p>\n<ul>\n<li>Comptable de bilan (h\/f)<\/li>\n<li>Gestionnaire des ressources humaines (h\/f)<\/li>\n<li>Gestionnaire industriel (h\/f)<\/li>\n<li>etc.<\/li>\n<\/ul>\n<p><a class=\"a--jump\" href=\"https:\/\/ruch.softgarden.io\/de\/vacancies?_ga=2.196664556.193304492.1513676076-594747709.1510657403\" target=\"_blank\" rel=\"noopener\">D\u00e9marrez d\u00e8s maintenant en tant qu&rsquo;agent commercial industriel (h\/f)<\/a>[\/vc_column_text][\/vc_tta_section][vc_tta_section title=\u00a0\u00bb\u00c9tudes en alternance en g\u00e9nie m\u00e9canique (h\/f)\u00a0\u00bb tab_id=\u00a0\u00bbduales-studium-maschinenbau\u00a0\u00bb][vc_column_text css=\u00a0\u00bb\u00a0\u00bb]Les \u00e9tudes en alternance vous permettent d&rsquo;alterner entre des phases th\u00e9oriques \u00e0 la DHBW et des phases pratiques en entreprise. De cette mani\u00e8re, vous pouvez appliquer vos connaissances th\u00e9oriques directement dans le quotidien professionnel et r\u00e9int\u00e9grer les questions qui s&rsquo;y posent dans le domaine th\u00e9orique. La petite taille des cours \u00e0 la DHBW garantit un suivi intensif et cr\u00e9e une atmosph\u00e8re d&rsquo;\u00e9tude agr\u00e9able. D\u00e8s le d\u00e9but, vous participez \u00e0 des projets ou vous recevez des t\u00e2ches de projet. Vos t\u00e2ches d\u00e9pendent de la progression de vos \u00e9tudes et de votre sp\u00e9cialisation.<\/p>\n<p>La dur\u00e9e de la formation est de trois ans.<\/p>\n<p><strong>Vous apportez<\/strong><\/p>\n<ul>\n<li>Un bon baccalaur\u00e9at, un baccalaur\u00e9at technique ou une formation d\u00e9j\u00e0 achev\u00e9e<\/li>\n<li>Une affinit\u00e9 pour la r\u00e9solution de probl\u00e8mes techniques<\/li>\n<li>Tr\u00e8s bonnes notes en math\u00e9matiques et en physique<\/li>\n<li>Une grande motivation personnelle et une bonne organisation personnelle<\/li>\n<li>Bonne ma\u00eetrise de l&rsquo;anglais et de l&rsquo;allemand \u00e0 l&rsquo;oral et \u00e0 l&rsquo;\u00e9crit, ainsi que de l&rsquo;informatique.<\/li>\n<li>Sens des responsabilit\u00e9s, esprit d&rsquo;\u00e9quipe, souci de la qualit\u00e9 et fiabilit\u00e9<\/li>\n<\/ul>\n<p><strong>\u00c9cole \/ Th\u00e9orie<\/strong><\/p>\n<ul>\n<li>DHBW Stuttgart, Campus Horb<\/li>\n<li>Cours en bloc<\/li>\n<\/ul>\n<p><strong>Offres Domaines d&rsquo;\u00e9tudes<\/strong><\/p>\n<ul>\n<li>Ing\u00e9nierie plastique<\/li>\n<li>Conception et d\u00e9veloppement<\/li>\n<\/ul>\n<p><a class=\"a--jump\" href=\"https:\/\/ruch.softgarden.io\/de\/vacancies?_ga=2.196664556.193304492.1513676076-594747709.1510657403\" target=\"_blank\" rel=\"noopener\">D\u00e9marrez d\u00e8s maintenant en tant qu&rsquo;\u00e9tudiant en alternance en g\u00e9nie m\u00e9canique (h\/f)<\/a>[\/vc_column_text][\/vc_tta_section][vc_tta_section title=\u00a0\u00bb\u00c9tudes en alternance d&rsquo;ing\u00e9nieur commercial (h\/f)\u00a0\u00bb tab_id=\u00a0\u00bbduales-studium-wirtschaftsingenieur\u00a0\u00bb][vc_column_text css=\u00a0\u00bb\u00a0\u00bb]Vous travaillez d\u00e8s le d\u00e9but dans les services commerciaux internes et externes. Votre formation est ax\u00e9e sur la vente technique. Vous aurez un aper\u00e7u de notre monde commercial et technique. Pendant vos \u00e9tudes, vous apprendrez \u00e0 conna\u00eetre nos produits de mani\u00e8re approfondie afin de pouvoir aider et conseiller nos clients en cas de questions. Nous accordons une grande importance \u00e0 la formation interne et \u00e0 la formation continue et nous vous faisons profiter de notre longue exp\u00e9rience.<\/p>\n<p>La dur\u00e9e de la formation est de trois ans.<\/p>\n<p><strong>Vous apportez<\/strong><\/p>\n<ul>\n<li>Un bon baccalaur\u00e9at, un baccalaur\u00e9at technique ou une formation d\u00e9j\u00e0 achev\u00e9e<\/li>\n<li>Grande compr\u00e9hension technique et int\u00e9r\u00eat<\/li>\n<li>des comp\u00e9tences en communication et le plaisir d&rsquo;aller vers les autres<\/li>\n<li>Bonnes notes en math\u00e9matiques et en anglais<\/li>\n<li>Une grande motivation personnelle ainsi qu&rsquo;une bonne organisation personnelle<\/li>\n<li>Bonne connaissance de l&rsquo;allemand parl\u00e9 et \u00e9crit, ainsi que de l&rsquo;informatique.<\/li>\n<li>Sens des responsabilit\u00e9s, esprit d&rsquo;\u00e9quipe, souci de la qualit\u00e9 et fiabilit\u00e9<\/li>\n<\/ul>\n<p><strong>\u00c9cole \/ Th\u00e9orie<\/strong><\/p>\n<ul>\n<li>DHBW Karlsruhe, sp\u00e9cialisation : ventes internationales, production et logistique<\/li>\n<li>DHBW Stuttgart, fili\u00e8re : g\u00e9nie m\u00e9canique, g\u00e9nie \u00e9lectrique, facility management<\/li>\n<li>Cours en bloc<\/li>\n<\/ul>\n<p><a class=\"a--jump\" href=\"https:\/\/ruch.softgarden.io\/de\/vacancies?_ga=2.196664556.193304492.1513676076-594747709.1510657403\" target=\"_blank\" rel=\"noopener\">D\u00e9marrez d\u00e8s maintenant en tant qu&rsquo;\u00e9tudiant en alternance en g\u00e9nie industriel (h\/f)<\/a>[\/vc_column_text][\/vc_tta_section][vc_tta_section title=\u00a0\u00bbStage\u00a0\u00bb tab_id=\u00a0\u00bbpraktikum\u00a0\u00bb][vc_column_text css=\u00a0\u00bb\u00a0\u00bb]N&rsquo;h\u00e9sitez pas \u00e0 jeter un coup d&rsquo;\u0153il en coulisses pour mieux nous conna\u00eetre et mieux conna\u00eetre le monde du travail. Nous vous proposons volontiers un stage d&rsquo;une semaine, que ce soit dans le cadre de l&rsquo;orientation professionnelle scolaire ou par int\u00e9r\u00eat personnel. Faites tout simplement partie de notre entreprise et d\u00e9couvrez le contenu du m\u00e9tier que vous souhaitez exercer de mani\u00e8re plus pr\u00e9cise et plus concr\u00e8te. Nous nous chargeons \u00e9galement volontiers de la supervision des m\u00e9moires de fin d&rsquo;\u00e9tudes.<\/p>\n<p><a class=\"a--jump\" href=\"https:\/\/ruch.softgarden.io\/de\/vacancies?_ga=2.196664556.193304492.1513676076-594747709.1510657403\" target=\"_blank\" rel=\"noopener\">D\u00e9marrez d\u00e8s maintenant en tant que stagiaire (h\/f)<\/a>[\/vc_column_text][\/vc_tta_section][\/vc_tta_accordion][\/vc_column][\/vc_row][vc_row el_id=\u00a0\u00bbnos-avantages-pour-les-stagiaires-\u00e9tudiants-stagiaires\u00a0\u00bb][vc_column]\n<div class=\"spacer spacer--large\" style=\"height:100px\"><\/div>\n<div class=\"spacer spacer--medium\" style=\"height:100px\"><\/div>\n<div class=\"spacer spacer--small\" style=\"height:100px\"><\/div>\n\n<div class=\"spacer spacer--large\" style=\"height:60px\"><\/div>\n<div class=\"spacer spacer--medium\" style=\"height:60px\"><\/div>\n<div class=\"spacer spacer--small\" style=\"height:60px\"><\/div>\n[\/vc_column][\/vc_row][vc_row][vc_column][vc_column_text css=\u00a0\u00bb\u00a0\u00bb]<\/p>\n<h2>Nos avantages pour les apprentis, les \u00e9tudiants et les stagiaires<\/h2>\n<p>[\/vc_column_text][\/vc_column][\/vc_row][vc_row][vc_column width=\u00a0\u00bb1\/2&Prime;][vc_column_text css=\u00a0\u00bb\u00a0\u00bb]<\/p>\n<ul>\n<li>15 formateurs exp\u00e9riment\u00e9s<\/li>\n<li>Des projets passionnants pendant la formation<\/li>\n<li>30 jours de cong\u00e9<\/li>\n<li>Compte d&rsquo;horaires variables<\/li>\n<li>Assurance invalidit\u00e9 professionnelle financ\u00e9e pendant la formation<\/li>\n<li>Pr\u00e9voyance vieillesse<\/li>\n<\/ul>\n<p>[\/vc_column_text][\/vc_column][vc_column width=\u00a0\u00bb1\/2&Prime;][vc_column_text css=\u00a0\u00bb\u00a0\u00bb]<\/p>\n<ul>\n<li>Prime volontaire li\u00e9e aux r\u00e9sultats de l&rsquo;entreprise<\/li>\n<li>V\u00eatements de travail gratuits<\/li>\n<li>Pr\u00e9paration aux examens internes et externes<\/li>\n<li>Atelier de formation parfaitement \u00e9quip\u00e9<\/li>\n<li>Bonne ambiance de travail<\/li>\n<li>S\u00e9jour \u00e0 l&rsquo;\u00e9tranger, si vous le souhaitez<\/li>\n<\/ul>\n<p>[\/vc_column_text][\/vc_column][\/vc_row][vc_row][vc_column]\n    <div class=\"ruch-blogteaser two-posts\">\n        <div class=\"wysiwyg\">\n                    <\/div>\n                                    <div class=\"ruch-blogteaser__inner\">\n                                            \n    <div class=\"ruch-blogteaser__post\">\n        <div class=\"ruch-blogteaser__img\">\n            <img loading=\"lazy\" decoding=\"async\" width=\"892\" height=\"669\" src=\"https:\/\/www.ruch.de\/wp-content\/uploads\/2025\/01\/auszubildende-2023-ruch-novaplast.jpg\" class=\"attachment-full size-full wp-post-image\" alt=\"Photo de groupe des stagiaires 2025 avec leur formateur | RUCH NOVAPLAST GmbH \u00e0 Oberkirch\" srcset=\"https:\/\/www.ruch.de\/wp-content\/uploads\/2025\/01\/auszubildende-2023-ruch-novaplast.jpg 892w, https:\/\/www.ruch.de\/wp-content\/uploads\/2025\/01\/auszubildende-2023-ruch-novaplast-300x225.jpg 300w, https:\/\/www.ruch.de\/wp-content\/uploads\/2025\/01\/auszubildende-2023-ruch-novaplast-768x576.jpg 768w, https:\/\/www.ruch.de\/wp-content\/uploads\/2025\/01\/auszubildende-2023-ruch-novaplast-100x75.jpg 100w, https:\/\/www.ruch.de\/wp-content\/uploads\/2025\/01\/auszubildende-2023-ruch-novaplast-480x360.jpg 480w\" sizes=\"auto, (max-width:767px) 480px, (max-width:892px) 100vw, 892px\" \/>        <\/div>\n\n        <div class=\"ruch-blogteaser__text\">\n                            <p class=\"ruch-blogteaser__child-category\">Carri\u00e8res<\/p>\n            \n            <h3>D\u00e9marrer dans le monde du travail<\/h3>\n            <p>Pour le d\u00e9but de la formation 2025, Roland Zeifang, directeur g\u00e9n\u00e9ral de RUCH NOVAPLAST, a accueilli six nouveaux apprentis dans l&#039;entreprise.<\/p>\n\n            <a href=\"https:\/\/www.ruch.de\/fr\/news\/demarrer-dans-le-monde-du-travail\/\" class=\"btn-custom2\">\n                Vers l'article du blog            <\/a>\n        <\/div>\n    <\/div>\n\n                                                \n    <div class=\"ruch-blogteaser__post\">\n        <div class=\"ruch-blogteaser__img\">\n            <img loading=\"lazy\" decoding=\"async\" width=\"892\" height=\"664\" src=\"https:\/\/www.ruch.de\/wp-content\/uploads\/2025\/01\/smp-deutschland-gmbh-jonas-kratzer-ausbildung-ruch-novaplast.jpg\" class=\"attachment-full size-full wp-post-image\" alt=\"Auszeichnung F\u00f6rderpreis Jonas Katzer | News | RUCH NOVAPLAST GmbH in Oberkirch\" srcset=\"https:\/\/www.ruch.de\/wp-content\/uploads\/2025\/01\/smp-deutschland-gmbh-jonas-kratzer-ausbildung-ruch-novaplast.jpg 892w, https:\/\/www.ruch.de\/wp-content\/uploads\/2025\/01\/smp-deutschland-gmbh-jonas-kratzer-ausbildung-ruch-novaplast-300x223.jpg 300w, https:\/\/www.ruch.de\/wp-content\/uploads\/2025\/01\/smp-deutschland-gmbh-jonas-kratzer-ausbildung-ruch-novaplast-768x572.jpg 768w, https:\/\/www.ruch.de\/wp-content\/uploads\/2025\/01\/smp-deutschland-gmbh-jonas-kratzer-ausbildung-ruch-novaplast-101x75.jpg 101w, https:\/\/www.ruch.de\/wp-content\/uploads\/2025\/01\/smp-deutschland-gmbh-jonas-kratzer-ausbildung-ruch-novaplast-480x357.jpg 480w\" sizes=\"auto, (max-width:767px) 480px, (max-width:892px) 100vw, 892px\" \/>        <\/div>\n\n        <div class=\"ruch-blogteaser__text\">\n                            <p class=\"ruch-blogteaser__child-category\">Carri\u00e8res<\/p>\n            \n            <h3>Excellente performance<\/h3>\n            <p>Jonas Kratzer re\u00e7oit un prix d&#039;encouragement pour sa formation chez RUCH NOVAPLAST<\/p>\n\n            <a href=\"https:\/\/www.ruch.de\/fr\/news\/excellent-performance\/\" class=\"btn-custom2\">\n                Vers l'article du blog            <\/a>\n        <\/div>\n    <\/div>\n\n                                        <\/div>\n            \n                        <\/div>\n\n    [\/vc_column][\/vc_row][vc_row][vc_column]\n<div class=\"spacer spacer--large\" style=\"height:60px\"><\/div>\n<div class=\"spacer spacer--medium\" style=\"height:60px\"><\/div>\n<div class=\"spacer spacer--small\" style=\"height:60px\"><\/div>\n[\/vc_column][\/vc_row][vc_row equal_height=\u00a0\u00bbyes\u00a0\u00bb][vc_column]          <div class=\"teaser-container teaser-container--two-colum\">\n\n        \n    <div class=\"ruch-teaser-card bg--gray \">\n        <div class=\"teaser-card-content\">\n          <h3>Vous avez des questions sur votre entr\u00e9e chez RUCH NOVAPLAST ? N&rsquo;h\u00e9sitez pas \u00e0 me contacter :<\/h3>\n<p><strong>Manuel Silva da Costa<\/strong><\/p>\n<p><a href=\"tel:+497802806447\">+49 (0)7802 806-447<\/a><br \/>\n<a href=\"mailto:msilvadacosta@ruch.de\">msilvadacosta@ruch.de<\/a><\/p>\n        <\/div>\n            <\/div>\n\n  [vc_single_image image=\u00a0\u00bb2654&Prime; img_size=\u00a0\u00bbmedium\u00a0\u00bb alignment=\u00a0\u00bbcenter\u00a0\u00bb css=\u00a0\u00bb\u00a0\u00bb]<\/p>\n      <\/div>\n    [\/vc_column][\/vc_row][vc_row el_id=\u00a0\u00bbtravailler-dans-oberkirch\u00a0\u00bb][vc_column]\n<div class=\"spacer spacer--large\" style=\"height:100px\"><\/div>\n<div class=\"spacer spacer--medium\" style=\"height:100px\"><\/div>\n<div class=\"spacer spacer--small\" style=\"height:100px\"><\/div>\n[\/vc_column][\/vc_row][vc_row][vc_column][vc_column_text css=\u00a0\u00bb\u00a0\u00bb]<\/p>\n<h2>Travailler o\u00f9 l&rsquo;on se sent bien. Travailler \u00e0 Oberkirch.<\/h2>\n<p>Depuis plus de 140 ans, notre c\u0153ur bat \u00e0 Oberkirch. Cette ville situ\u00e9e \u00e0 l&rsquo;ouest du Bade-Wurtemberg vous enchantera avec sa vieille ville pittoresque et le murmure apaisant de son ruisseau. De nombreux restaurants et caf\u00e9s invitent \u00e0 la d\u00e9tente. La viticulture est l&rsquo;un des points forts de la r\u00e9gion : les nombreux domaines viticoles et vignobles invitent \u00e0 la d\u00e9couverte, que ce soit lors d&rsquo;une d\u00e9gustation guid\u00e9e ou d&rsquo;une agr\u00e9able promenade \u00e0 travers les montagnes. Des centaines de kilom\u00e8tres de sentiers de randonn\u00e9e et de pistes cyclables balis\u00e9s permettent \u00e9galement d&rsquo;explorer le magnifique paysage. D\u00e9couvrez encore plus de d\u00e9tails sur la r\u00e9gion.[\/vc_column_text][\/vc_column][\/vc_row][vc_row][vc_column]\n<div class=\"spacer spacer--large\" style=\"height:60px\"><\/div>\n<div class=\"spacer spacer--medium\" style=\"height:60px\"><\/div>\n<div class=\"spacer spacer--small\" style=\"height:60px\"><\/div>\n[vc_raw_html css=\u00a0\u00bb\u00a0\u00bb]JTNDJTIxLS0lMjBTdGFuZG9ydC1JbmZvZ3JhZmlrJTIwV0lER0VUJTIwU1RBUlQlMjAtLSUzRSUwQSUzQ2RpdiUyMGlkJTNEJTI3ZmFtaWdvQ29tcGFueVdpZGdldCUyNyUzRSUzQyUyRmRpdiUzRSUwQSUzQ3NjcmlwdCUyMHNyYyUzRCUyN2h0dHBzJTNBJTJGJTJGbG9jYXRpb25leHBsb3Jlci5kZSUyRmFwaSUyRnN0YW5kb3J0V2lkZ2V0JTJGZW4lMkY4MiUyNyUyMGFzeW5jJTNFJTNDJTJGc2NyaXB0JTNFJTBBJTNDJTIxLS0lMjBTdGFuZG9ydC1JbmZvZ3JhZmlrJTIwV0lER0VUJTIwRU5EJTIwLS0lM0U=[\/vc_raw_html]\n<div class=\"spacer spacer--large\" style=\"height:60px\"><\/div>\n<div class=\"spacer spacer--medium\" style=\"height:60px\"><\/div>\n<div class=\"spacer spacer--small\" style=\"height:60px\"><\/div>\n[\/vc_column][\/vc_row][vc_row full_width=\u00a0\u00bbstretch_row\u00a0\u00bb el_class=\u00a0\u00bbproject-teaser\u00a0\u00bb el_id=\u00a0\u00bbvotre-contact-avec-nous\u00a0\u00bb][vc_column width=\u00a0\u00bb1\/3&Prime;][vc_column_text css=\u00a0\u00bb\u00a0\u00bb]<\/p>\n<h2><span class=\"text--white\">S&rsquo;inscrire \u00e0 la newsletter<\/span><\/h2>\n<p>[\/vc_column_text][\/vc_column][vc_column width=\u00a0\u00bb1\/3&Prime;][vc_column_text css=\u00a0\u00bb\u00a0\u00bb]<span class=\"text--white\">Abonnez-vous \u00e0 notre newsletter et soyez toujours au courant des derni\u00e8res nouvelles. Ainsi, vous ne manquerez plus aucune avanc\u00e9e importante concernant nos mat\u00e9riaux polyvalents, nos derni\u00e8res innovations et nos projets passionnants. <\/span>[\/vc_column_text][\/vc_column][vc_column width=\u00a0\u00bb1\/3&Prime;]  <div class=\"btn--align-right\"><a class=\"btn-default\" href=\"https:\/\/www.ruch.de\/fr\/bulletin-dinformation\/\" target=\"_self\" title=\"Inscrivez-vous maintenant \u00e0 la newsletter\">S'inscrire \u00e0 la newsletter<\/a><\/div>[\/vc_column][\/vc_row]<\/p>\n<\/div>","protected":false},"excerpt":{"rendered":"<p>[vc_row][vc_column][vc_row_inner][vc_column_inner][vc_column_text css=\u00a0\u00bb\u00a0\u00bb] Formez votre carri\u00e8re chez RUCH NOVAPLAST [\/vc_column_text][\/vc_column_inner][\/vc_row_inner][vc_row_inner][vc_column_inner width=\u00a0\u00bb1\/2&Prime;][vc_column_text css=\u00a0\u00bb\u00a0\u00bb]Ce qui compte, ce sont les gens. Ce qui compte, c&rsquo;est vous. Chez RUCH NOVAPLAST, leader<span class=\"excerpt-hellip\"> [\u2026]<\/span><\/p>\n","protected":false},"author":1,"featured_media":-1,"parent":0,"menu_order":32,"comment_status":"closed","ping_status":"closed","template":"","meta":{"_acf_changed":false,"footnotes":""},"class_list":["post-2649","page","type-page","status-publish","has-post-thumbnail","hentry"],"acf":[],"yoast_head":"<!-- This site is optimized with the Yoast SEO plugin v27.3 - https:\/\/yoast.com\/product\/yoast-seo-wordpress\/ -->\n<title>Carri\u00e8re | RUCH NOVAPLAST GmbH<\/title>\n<meta name=\"description\" content=\"Rejoignez RUCH NOVAPLAST et construisez l&#039;avenir avec nous. Formez d\u00e8s maintenant votre carri\u00e8re chez nous.\" \/>\n<meta name=\"robots\" content=\"index, follow, max-snippet:-1, max-image-preview:large, max-video-preview:-1\" \/>\n<link rel=\"canonical\" href=\"https:\/\/www.ruch.de\/fr\/carrieres\/\" \/>\n<meta property=\"og:locale\" content=\"fr_FR\" \/>\n<meta property=\"og:type\" content=\"article\" \/>\n<meta property=\"og:title\" content=\"Carri\u00e8re | RUCH NOVAPLAST GmbH\" \/>\n<meta property=\"og:description\" content=\"Rejoignez RUCH NOVAPLAST et construisez l&#039;avenir avec nous. Formez d\u00e8s maintenant votre carri\u00e8re chez nous.\" \/>\n<meta property=\"og:url\" content=\"https:\/\/www.ruch.de\/fr\/carrieres\/\" \/>\n<meta property=\"og:site_name\" content=\"RUCH NOVAPLAST\" \/>\n<meta property=\"article:publisher\" content=\"https:\/\/www.facebook.com\/ruchnovaplast\" \/>\n<meta property=\"article:modified_time\" content=\"2026-02-02T10:36:31+00:00\" \/>\n<meta name=\"twitter:card\" content=\"summary_large_image\" \/>\n<meta name=\"twitter:label1\" content=\"Dur\u00e9e de lecture estim\u00e9e\" \/>\n\t<meta name=\"twitter:data1\" content=\"16 minutes\" \/>\n<script type=\"application\/ld+json\" class=\"yoast-schema-graph\">{\"@context\":\"https:\\\/\\\/schema.org\",\"@graph\":[{\"@type\":\"WebPage\",\"@id\":\"https:\\\/\\\/www.ruch.de\\\/fr\\\/carrieres\\\/\",\"url\":\"https:\\\/\\\/www.ruch.de\\\/fr\\\/carrieres\\\/\",\"name\":\"Carri\u00e8re | RUCH NOVAPLAST GmbH\",\"isPartOf\":{\"@id\":\"https:\\\/\\\/www.ruch.de\\\/fr\\\/#website\"},\"datePublished\":\"2024-11-11T10:39:12+00:00\",\"dateModified\":\"2026-02-02T10:36:31+00:00\",\"description\":\"Rejoignez RUCH NOVAPLAST et construisez l'avenir avec nous. Formez d\u00e8s maintenant votre carri\u00e8re chez nous.\",\"breadcrumb\":{\"@id\":\"https:\\\/\\\/www.ruch.de\\\/fr\\\/carrieres\\\/#breadcrumb\"},\"inLanguage\":\"fr-FR\",\"potentialAction\":[{\"@type\":\"ReadAction\",\"target\":[\"https:\\\/\\\/www.ruch.de\\\/fr\\\/carrieres\\\/\"]}]},{\"@type\":\"BreadcrumbList\",\"@id\":\"https:\\\/\\\/www.ruch.de\\\/fr\\\/carrieres\\\/#breadcrumb\",\"itemListElement\":[{\"@type\":\"ListItem\",\"position\":1,\"name\":\"Home\",\"item\":\"https:\\\/\\\/www.ruch.de\\\/fr\\\/\"},{\"@type\":\"ListItem\",\"position\":2,\"name\":\"Carri\u00e8res\"}]},{\"@type\":\"WebSite\",\"@id\":\"https:\\\/\\\/www.ruch.de\\\/fr\\\/#website\",\"url\":\"https:\\\/\\\/www.ruch.de\\\/fr\\\/\",\"name\":\"www.ruch.de\",\"description\":\"\",\"publisher\":{\"@id\":\"https:\\\/\\\/www.ruch.de\\\/fr\\\/#organization\"},\"potentialAction\":[{\"@type\":\"SearchAction\",\"target\":{\"@type\":\"EntryPoint\",\"urlTemplate\":\"https:\\\/\\\/www.ruch.de\\\/fr\\\/?s={search_term_string}\"},\"query-input\":{\"@type\":\"PropertyValueSpecification\",\"valueRequired\":true,\"valueName\":\"search_term_string\"}}],\"inLanguage\":\"fr-FR\"},{\"@type\":\"Organization\",\"@id\":\"https:\\\/\\\/www.ruch.de\\\/fr\\\/#organization\",\"name\":\"RUCH NOVAPLAST GmbH\",\"url\":\"https:\\\/\\\/www.ruch.de\\\/fr\\\/\",\"logo\":{\"@type\":\"ImageObject\",\"inLanguage\":\"fr-FR\",\"@id\":\"https:\\\/\\\/www.ruch.de\\\/fr\\\/#\\\/schema\\\/logo\\\/image\\\/\",\"url\":\"https:\\\/\\\/www.ruch.de\\\/wp-content\\\/uploads\\\/2024\\\/11\\\/ruch-novaplast-logo-black.svg\",\"contentUrl\":\"https:\\\/\\\/www.ruch.de\\\/wp-content\\\/uploads\\\/2024\\\/11\\\/ruch-novaplast-logo-black.svg\",\"width\":1802,\"height\":338,\"caption\":\"RUCH NOVAPLAST GmbH\"},\"image\":{\"@id\":\"https:\\\/\\\/www.ruch.de\\\/fr\\\/#\\\/schema\\\/logo\\\/image\\\/\"},\"sameAs\":[\"https:\\\/\\\/www.facebook.com\\\/ruchnovaplast\",\"https:\\\/\\\/www.instagram.com\\\/ruchnovaplast\\\/\",\"https:\\\/\\\/www.linkedin.com\\\/company\\\/ruch-novaplast-gmbh\"]}]}<\/script>\n<!-- \/ Yoast SEO plugin. -->","yoast_head_json":{"title":"Carri\u00e8re | RUCH NOVAPLAST GmbH","description":"Rejoignez RUCH NOVAPLAST et construisez l'avenir avec nous. Formez d\u00e8s maintenant votre carri\u00e8re chez nous.","robots":{"index":"index","follow":"follow","max-snippet":"max-snippet:-1","max-image-preview":"max-image-preview:large","max-video-preview":"max-video-preview:-1"},"canonical":"https:\/\/www.ruch.de\/fr\/carrieres\/","og_locale":"fr_FR","og_type":"article","og_title":"Carri\u00e8re | RUCH NOVAPLAST GmbH","og_description":"Rejoignez RUCH NOVAPLAST et construisez l'avenir avec nous. Formez d\u00e8s maintenant votre carri\u00e8re chez nous.","og_url":"https:\/\/www.ruch.de\/fr\/carrieres\/","og_site_name":"RUCH NOVAPLAST","article_publisher":"https:\/\/www.facebook.com\/ruchnovaplast","article_modified_time":"2026-02-02T10:36:31+00:00","twitter_card":"summary_large_image","twitter_misc":{"Dur\u00e9e de lecture estim\u00e9e":"16 minutes"},"schema":{"@context":"https:\/\/schema.org","@graph":[{"@type":"WebPage","@id":"https:\/\/www.ruch.de\/fr\/carrieres\/","url":"https:\/\/www.ruch.de\/fr\/carrieres\/","name":"Carri\u00e8re | RUCH NOVAPLAST GmbH","isPartOf":{"@id":"https:\/\/www.ruch.de\/fr\/#website"},"datePublished":"2024-11-11T10:39:12+00:00","dateModified":"2026-02-02T10:36:31+00:00","description":"Rejoignez RUCH NOVAPLAST et construisez l'avenir avec nous. Formez d\u00e8s maintenant votre carri\u00e8re chez nous.","breadcrumb":{"@id":"https:\/\/www.ruch.de\/fr\/carrieres\/#breadcrumb"},"inLanguage":"fr-FR","potentialAction":[{"@type":"ReadAction","target":["https:\/\/www.ruch.de\/fr\/carrieres\/"]}]},{"@type":"BreadcrumbList","@id":"https:\/\/www.ruch.de\/fr\/carrieres\/#breadcrumb","itemListElement":[{"@type":"ListItem","position":1,"name":"Home","item":"https:\/\/www.ruch.de\/fr\/"},{"@type":"ListItem","position":2,"name":"Carri\u00e8res"}]},{"@type":"WebSite","@id":"https:\/\/www.ruch.de\/fr\/#website","url":"https:\/\/www.ruch.de\/fr\/","name":"www.ruch.de","description":"","publisher":{"@id":"https:\/\/www.ruch.de\/fr\/#organization"},"potentialAction":[{"@type":"SearchAction","target":{"@type":"EntryPoint","urlTemplate":"https:\/\/www.ruch.de\/fr\/?s={search_term_string}"},"query-input":{"@type":"PropertyValueSpecification","valueRequired":true,"valueName":"search_term_string"}}],"inLanguage":"fr-FR"},{"@type":"Organization","@id":"https:\/\/www.ruch.de\/fr\/#organization","name":"RUCH NOVAPLAST GmbH","url":"https:\/\/www.ruch.de\/fr\/","logo":{"@type":"ImageObject","inLanguage":"fr-FR","@id":"https:\/\/www.ruch.de\/fr\/#\/schema\/logo\/image\/","url":"https:\/\/www.ruch.de\/wp-content\/uploads\/2024\/11\/ruch-novaplast-logo-black.svg","contentUrl":"https:\/\/www.ruch.de\/wp-content\/uploads\/2024\/11\/ruch-novaplast-logo-black.svg","width":1802,"height":338,"caption":"RUCH NOVAPLAST GmbH"},"image":{"@id":"https:\/\/www.ruch.de\/fr\/#\/schema\/logo\/image\/"},"sameAs":["https:\/\/www.facebook.com\/ruchnovaplast","https:\/\/www.instagram.com\/ruchnovaplast\/","https:\/\/www.linkedin.com\/company\/ruch-novaplast-gmbh"]}]}},"_links":{"self":[{"href":"https:\/\/www.ruch.de\/fr\/wp-json\/wp\/v2\/pages\/2649","targetHints":{"allow":["GET"]}}],"collection":[{"href":"https:\/\/www.ruch.de\/fr\/wp-json\/wp\/v2\/pages"}],"about":[{"href":"https:\/\/www.ruch.de\/fr\/wp-json\/wp\/v2\/types\/page"}],"author":[{"embeddable":true,"href":"https:\/\/www.ruch.de\/fr\/wp-json\/wp\/v2\/users\/1"}],"replies":[{"embeddable":true,"href":"https:\/\/www.ruch.de\/fr\/wp-json\/wp\/v2\/comments?post=2649"}],"version-history":[{"count":1,"href":"https:\/\/www.ruch.de\/fr\/wp-json\/wp\/v2\/pages\/2649\/revisions"}],"predecessor-version":[{"id":7706,"href":"https:\/\/www.ruch.de\/fr\/wp-json\/wp\/v2\/pages\/2649\/revisions\/7706"}],"wp:featuredmedia":[{"embeddable":true,"href":"https:\/\/www.ruch.de\/fr\/wp-json\/"}],"wp:attachment":[{"href":"https:\/\/www.ruch.de\/fr\/wp-json\/wp\/v2\/media?parent=2649"}],"curies":[{"name":"wp","href":"https:\/\/api.w.org\/{rel}","templated":true}]}}